{"id":1227,"date":"2025-11-11T10:55:15","date_gmt":"2025-11-11T09:55:15","guid":{"rendered":"https:\/\/www.viladellops.com\/?page_id=1227"},"modified":"2026-01-08T16:46:26","modified_gmt":"2026-01-08T15:46:26","slug":"inici","status":"publish","type":"page","link":"https:\/\/www.viladellops.com\/ca\/","title":{"rendered":"Inici"},"content":{"rendered":"\n    <div  class=\"h-[600px] dm-block block-mainslider alignfull\">\n        <div class=\"js-mainslider h-full swiper relative overflow-hidden\" data-count=\"1\">\n            <div class=\"swiper-wrapper\">\n                                    <li\n                        class=\"mainslider__item relative swiper-slide\"\n                                                                                            >\n                        <div class=\"mainslider__content relative z-10 h-full max-h-screen p-4 lg:p-12 flex flex-col gap-1 justify-center lg:justify-center lg:text-center\">\n                                                                                        <h1 class=\"mainslider__title m-0 text-white text-2xl lg:text-5xl\">\n                                    L\u2019ess\u00e8ncia d\u2019una Wine Village                                <\/h1>\n                                                                                        <p class=\"mainslider__subtitle text-white\">\n                                    Vi, natura i experi\u00e8ncies \u00faniques al cor del Pened\u00e8s.                                <\/p>\n                                                        \n                        <\/div>\n                        \n                                                                            <picture>\n                                <source media=\"(max-width: 600px)\" srcset=\"\">\n                                <source media=\"(min-width: 1024px)\" srcset=\"https:\/\/www.viladellops.com\/wp-content\/uploads\/2025\/12\/hero-viladellops.webp\">\n                                <img decoding=\"async\" src=\"https:\/\/www.viladellops.com\/wp-content\/uploads\/2025\/12\/hero-viladellops.webp\" data-src=\"https:\/\/www.viladellops.com\/wp-content\/uploads\/2025\/12\/hero-viladellops.webp\" class=\"w-full h-full absolute object-cover object-right lg:object-top inset-0 z-0 brightness-50 \" alt=\"\" loading=\"eager\" fetchpriority=\"high\">\n                            <\/picture>\n                                            <\/li>\n                                <\/ul>\n            <\/div>\n            <div class=\"swiper-pagination\"><\/div>\n        <\/div>\n\n    <\/div>\n\n\n\n\n\n\n<section  class=\"dm-block block-post-type-list alignfull grid-layout\">\n\n        <div class=\"px-10\">\n            <div class=\"mb-6\">\n                \n                                            <\/div>\n\n                                                        <div class=\"grid gap-baseGap md:grid-cols-2 md:grid-cols-3 lg:grid-cols-4 2xl:grid-cols-6\">\n                                                                                \n<article class=\"swiper-slide w-full h-full card card-activity post-1278 actividad type-actividad status-publish format-standard has-post-thumbnail hentry\">\n\n        <a\n            href=\"https:\/\/www.viladellops.com\/ca\/activitat\/tast-de-vins-entre-vinyes-barcelona\/\"\n            title=\"Tast de vins \u201cPremium\u201d entre vinyes\"\n            class=\"block aspect-4\/3 flex-grow-0 overflow-hidden w-full\">\n\n            <img loading=\"lazy\" decoding=\"async\" width=\"480\" height=\"320\" src=\"https:\/\/www.viladellops.com\/wp-content\/uploads\/2025\/12\/viladellops-wine-tours-history-480x320.webp\" class=\"object-cover object-center w-full h-full wp-post-image\" alt=\"\" srcset=\"https:\/\/www.viladellops.com\/wp-content\/uploads\/2025\/12\/viladellops-wine-tours-history-480x320.webp 480w, https:\/\/www.viladellops.com\/wp-content\/uploads\/2025\/12\/viladellops-wine-tours-history-300x200.webp 300w, https:\/\/www.viladellops.com\/wp-content\/uploads\/2025\/12\/viladellops-wine-tours-history-380x253.webp 380w, https:\/\/www.viladellops.com\/wp-content\/uploads\/2025\/12\/viladellops-wine-tours-history.webp 600w\" sizes=\"auto, (max-width: 480px) 100vw, 480px\" \/>\n        <\/a>\n\n        <div class=\"card-content flex-1\">\n\n                                    <a href=\"https:\/\/www.viladellops.com\/ca\/activitat\/tast-de-vins-entre-vinyes-barcelona\/\" title=\"Tast de vins \u201cPremium\u201d entre vinyes\">\n                            Tast de vins \u201cPremium\u201d entre vinyes                        <\/a>\n                    \n                            <span class=\"activity-price text-lg\">45 \u20ac<\/span>\n            \n            \n            <p class=\"card-excerpt text-center\">\n                Tast de 5 vins premium entre vinyes\n            <\/p>\n\n            \n            <a href=\"https:\/\/www.viladellops.com\/ca\/activitat\/tast-de-vins-entre-vinyes-barcelona\/\" class=\"button-primary\">\n                Reservar ara            <\/a>\n\n        <\/div>\n\n<\/article>\n<article class=\"swiper-slide w-full h-full card card-activity post-1295 actividad type-actividad status-publish format-standard has-post-thumbnail hentry\">\n\n        <a\n            href=\"https:\/\/www.viladellops.com\/ca\/activitat\/alquimia-del-vi\/\"\n            title=\"L\u2019Alqu\u00edmia del vi\"\n            class=\"block aspect-4\/3 flex-grow-0 overflow-hidden w-full\">\n\n            <img loading=\"lazy\" decoding=\"async\" width=\"480\" height=\"320\" src=\"https:\/\/www.viladellops.com\/wp-content\/uploads\/2025\/12\/galeria-dimatges-finca-viladellops-59-480x320.webp\" class=\"object-cover object-center w-full h-full wp-post-image\" alt=\"\" srcset=\"https:\/\/www.viladellops.com\/wp-content\/uploads\/2025\/12\/galeria-dimatges-finca-viladellops-59-480x320.webp 480w, https:\/\/www.viladellops.com\/wp-content\/uploads\/2025\/12\/galeria-dimatges-finca-viladellops-59-scaled-300x200.webp 300w, https:\/\/www.viladellops.com\/wp-content\/uploads\/2025\/12\/galeria-dimatges-finca-viladellops-59-scaled-600x400.webp 600w, https:\/\/www.viladellops.com\/wp-content\/uploads\/2025\/12\/galeria-dimatges-finca-viladellops-59-986x658.webp 986w, https:\/\/www.viladellops.com\/wp-content\/uploads\/2025\/12\/galeria-dimatges-finca-viladellops-59-768x512.webp 768w, https:\/\/www.viladellops.com\/wp-content\/uploads\/2025\/12\/galeria-dimatges-finca-viladellops-59-1536x1025.webp 1536w, https:\/\/www.viladellops.com\/wp-content\/uploads\/2025\/12\/galeria-dimatges-finca-viladellops-59-2048x1366.webp 2048w, https:\/\/www.viladellops.com\/wp-content\/uploads\/2025\/12\/galeria-dimatges-finca-viladellops-59-380x253.webp 380w\" sizes=\"auto, (max-width: 480px) 100vw, 480px\" \/>\n        <\/a>\n\n        <div class=\"card-content flex-1\">\n\n                                    <a href=\"https:\/\/www.viladellops.com\/ca\/activitat\/alquimia-del-vi\/\" title=\"L\u2019Alqu\u00edmia del vi\">\n                            L\u2019Alqu\u00edmia del vi                        <\/a>\n                    \n                            <span class=\"activity-price text-lg\">65 \u20ac<\/span>\n            \n            \n            <p class=\"card-excerpt text-center\">\n                Activitat team building per a grups de m\u00ednim 12 persones.            <\/p>\n\n            \n            <a href=\"https:\/\/www.viladellops.com\/ca\/activitat\/alquimia-del-vi\/\" class=\"button-primary\">\n                Reservar ara            <\/a>\n\n        <\/div>\n\n<\/article>\n<article class=\"swiper-slide w-full h-full card card-activity post-1289 actividad type-actividad status-publish format-standard has-post-thumbnail hentry\">\n\n        <a\n            href=\"https:\/\/www.viladellops.com\/ca\/activitat\/visita-cultural-historia-i-vi\/\"\n            title=\"Hist\u00f2ria i vi\"\n            class=\"block aspect-4\/3 flex-grow-0 overflow-hidden w-full\">\n\n            <img loading=\"lazy\" decoding=\"async\" width=\"480\" height=\"320\" src=\"https:\/\/www.viladellops.com\/wp-content\/uploads\/2025\/12\/fina-viladellops-wine-tours-tourisme-cultural-visit-history-and-wine-480x320.webp\" class=\"object-cover object-center w-full h-full wp-post-image\" alt=\"\" srcset=\"https:\/\/www.viladellops.com\/wp-content\/uploads\/2025\/12\/fina-viladellops-wine-tours-tourisme-cultural-visit-history-and-wine-480x320.webp 480w, https:\/\/www.viladellops.com\/wp-content\/uploads\/2025\/12\/fina-viladellops-wine-tours-tourisme-cultural-visit-history-and-wine-300x200.webp 300w, https:\/\/www.viladellops.com\/wp-content\/uploads\/2025\/12\/fina-viladellops-wine-tours-tourisme-cultural-visit-history-and-wine-600x400.webp 600w, https:\/\/www.viladellops.com\/wp-content\/uploads\/2025\/12\/fina-viladellops-wine-tours-tourisme-cultural-visit-history-and-wine-986x658.webp 986w, https:\/\/www.viladellops.com\/wp-content\/uploads\/2025\/12\/fina-viladellops-wine-tours-tourisme-cultural-visit-history-and-wine-768x512.webp 768w, https:\/\/www.viladellops.com\/wp-content\/uploads\/2025\/12\/fina-viladellops-wine-tours-tourisme-cultural-visit-history-and-wine-1536x1025.webp 1536w, https:\/\/www.viladellops.com\/wp-content\/uploads\/2025\/12\/fina-viladellops-wine-tours-tourisme-cultural-visit-history-and-wine-380x254.webp 380w, https:\/\/www.viladellops.com\/wp-content\/uploads\/2025\/12\/fina-viladellops-wine-tours-tourisme-cultural-visit-history-and-wine.webp 1920w\" sizes=\"auto, (max-width: 480px) 100vw, 480px\" \/>\n        <\/a>\n\n        <div class=\"card-content flex-1\">\n\n                                    <a href=\"https:\/\/www.viladellops.com\/ca\/activitat\/visita-cultural-historia-i-vi\/\" title=\"Hist\u00f2ria i vi\">\n                            Hist\u00f2ria i vi                        <\/a>\n                    \n                            <span class=\"activity-price text-lg\">38 \u20ac<\/span>\n            \n            \n            <p class=\"card-excerpt text-center\">\n                Visita hist\u00f2rica + degustaci\u00f3 de 3 vins \u201cpremium\u201d.            <\/p>\n\n            \n            <a href=\"https:\/\/www.viladellops.com\/ca\/activitat\/visita-cultural-historia-i-vi\/\" class=\"button-primary\">\n                Reservar ara            <\/a>\n\n        <\/div>\n\n<\/article>\n<article class=\"swiper-slide w-full h-full card card-activity post-1302 actividad type-actividad status-publish format-standard has-post-thumbnail hentry\">\n\n        <a\n            href=\"https:\/\/www.viladellops.com\/ca\/activitat\/safari-entre-vinyes-en-4x4\/\"\n            title=\"Safari a la vinya en 4\u00d74\"\n            class=\"block aspect-4\/3 flex-grow-0 overflow-hidden w-full\">\n\n            <img loading=\"lazy\" decoding=\"async\" width=\"480\" height=\"320\" src=\"https:\/\/www.viladellops.com\/wp-content\/uploads\/2025\/12\/galeria-dimatges-finca-viladellops-4x4-1-480x320.webp\" class=\"object-cover object-center w-full h-full wp-post-image\" alt=\"\" srcset=\"https:\/\/www.viladellops.com\/wp-content\/uploads\/2025\/12\/galeria-dimatges-finca-viladellops-4x4-1-480x320.webp 480w, https:\/\/www.viladellops.com\/wp-content\/uploads\/2025\/12\/galeria-dimatges-finca-viladellops-4x4-1-300x200.webp 300w, https:\/\/www.viladellops.com\/wp-content\/uploads\/2025\/12\/galeria-dimatges-finca-viladellops-4x4-1-600x400.webp 600w, https:\/\/www.viladellops.com\/wp-content\/uploads\/2025\/12\/galeria-dimatges-finca-viladellops-4x4-1-986x657.webp 986w, https:\/\/www.viladellops.com\/wp-content\/uploads\/2025\/12\/galeria-dimatges-finca-viladellops-4x4-1-768x512.webp 768w, https:\/\/www.viladellops.com\/wp-content\/uploads\/2025\/12\/galeria-dimatges-finca-viladellops-4x4-1-380x253.webp 380w, https:\/\/www.viladellops.com\/wp-content\/uploads\/2025\/12\/galeria-dimatges-finca-viladellops-4x4-1.webp 1536w\" sizes=\"auto, (max-width: 480px) 100vw, 480px\" \/>\n        <\/a>\n\n        <div class=\"card-content flex-1\">\n\n                                    <a href=\"https:\/\/www.viladellops.com\/ca\/activitat\/safari-entre-vinyes-en-4x4\/\" title=\"Safari a la vinya en 4\u00d74\">\n                            Safari a la vinya en 4\u00d74                        <\/a>\n                    \n                            <span class=\"activity-price text-lg\">310 \u20ac<\/span>\n            \n            \n            <p class=\"card-excerpt text-center\">\n                Visita en 4\u00d74 i tast de vins. Preu per cotxe.\n\n            <\/p>\n\n            \n            <a href=\"https:\/\/www.viladellops.com\/ca\/activitat\/safari-entre-vinyes-en-4x4\/\" class=\"button-primary\">\n                Reservar ara            <\/a>\n\n        <\/div>\n\n<\/article>\n<article class=\"swiper-slide w-full h-full card card-activity post-1271 actividad type-actividad status-publish format-standard has-post-thumbnail hentry\">\n\n        <a\n            href=\"https:\/\/www.viladellops.com\/ca\/activitat\/tast-de-vins-barcelona-premium\/\"\n            title=\"Tast de vins \u201cPremium\u201d\"\n            class=\"block aspect-4\/3 flex-grow-0 overflow-hidden w-full\">\n\n            <img loading=\"lazy\" decoding=\"async\" width=\"480\" height=\"320\" src=\"https:\/\/www.viladellops.com\/wp-content\/uploads\/2025\/12\/galeria-dimatges-finca-viladellops-56-480x320.webp\" class=\"object-cover object-center w-full h-full wp-post-image\" alt=\"\" srcset=\"https:\/\/www.viladellops.com\/wp-content\/uploads\/2025\/12\/galeria-dimatges-finca-viladellops-56-480x320.webp 480w, https:\/\/www.viladellops.com\/wp-content\/uploads\/2025\/12\/galeria-dimatges-finca-viladellops-56-scaled-300x200.webp 300w, https:\/\/www.viladellops.com\/wp-content\/uploads\/2025\/12\/galeria-dimatges-finca-viladellops-56-scaled-600x400.webp 600w, https:\/\/www.viladellops.com\/wp-content\/uploads\/2025\/12\/galeria-dimatges-finca-viladellops-56-986x657.webp 986w, https:\/\/www.viladellops.com\/wp-content\/uploads\/2025\/12\/galeria-dimatges-finca-viladellops-56-768x512.webp 768w, https:\/\/www.viladellops.com\/wp-content\/uploads\/2025\/12\/galeria-dimatges-finca-viladellops-56-1536x1024.webp 1536w, https:\/\/www.viladellops.com\/wp-content\/uploads\/2025\/12\/galeria-dimatges-finca-viladellops-56-2048x1365.webp 2048w, https:\/\/www.viladellops.com\/wp-content\/uploads\/2025\/12\/galeria-dimatges-finca-viladellops-56-380x253.webp 380w\" sizes=\"auto, (max-width: 480px) 100vw, 480px\" \/>\n        <\/a>\n\n        <div class=\"card-content flex-1\">\n\n                                    <a href=\"https:\/\/www.viladellops.com\/ca\/activitat\/tast-de-vins-barcelona-premium\/\" title=\"Tast de vins \u201cPremium\u201d\">\n                            Tast de vins \u201cPremium\u201d                        <\/a>\n                    \n                            <span class=\"activity-price text-lg\">42 \u20ac<\/span>\n            \n            \n            <p class=\"card-excerpt text-center\">\n                Tast de 5 vins \u201cpremium\u201d a la Finca Viladellops            <\/p>\n\n            \n            <a href=\"https:\/\/www.viladellops.com\/ca\/activitat\/tast-de-vins-barcelona-premium\/\" class=\"button-primary\">\n                Reservar ara            <\/a>\n\n        <\/div>\n\n<\/article>\n<article class=\"swiper-slide w-full h-full card card-activity post-1308 actividad type-actividad status-publish format-standard has-post-thumbnail hentry\">\n\n        <a\n            href=\"https:\/\/www.viladellops.com\/ca\/activitat\/visita-finca-viladellops-eco-tour\/\"\n            title=\"Visita Finca Viladellops (Eco-Tour)\"\n            class=\"block aspect-4\/3 flex-grow-0 overflow-hidden w-full\">\n\n            <img loading=\"lazy\" decoding=\"async\" width=\"480\" height=\"320\" src=\"https:\/\/www.viladellops.com\/wp-content\/uploads\/2025\/12\/finca-viladellops-winevillage-wine-tourism-discover-12-480x320.webp\" class=\"object-cover object-center w-full h-full wp-post-image\" alt=\"\" srcset=\"https:\/\/www.viladellops.com\/wp-content\/uploads\/2025\/12\/finca-viladellops-winevillage-wine-tourism-discover-12-480x320.webp 480w, https:\/\/www.viladellops.com\/wp-content\/uploads\/2025\/12\/finca-viladellops-winevillage-wine-tourism-discover-12-300x200.webp 300w, https:\/\/www.viladellops.com\/wp-content\/uploads\/2025\/12\/finca-viladellops-winevillage-wine-tourism-discover-12-380x253.webp 380w, https:\/\/www.viladellops.com\/wp-content\/uploads\/2025\/12\/finca-viladellops-winevillage-wine-tourism-discover-12.webp 600w\" sizes=\"auto, (max-width: 480px) 100vw, 480px\" \/>\n        <\/a>\n\n        <div class=\"card-content flex-1\">\n\n                                    <a href=\"https:\/\/www.viladellops.com\/ca\/activitat\/visita-finca-viladellops-eco-tour\/\" title=\"Visita Finca Viladellops (Eco-Tour)\">\n                            Visita Finca Viladellops (Eco-Tour)                        <\/a>\n                    \n                            <span class=\"activity-price text-lg\">38 \u20ac<\/span>\n            \n            \n            <p class=\"card-excerpt text-center\">\n                Visita + degustaci\u00f3 de 3 vins \u201cpremium\u201d            <\/p>\n\n            \n            <a href=\"https:\/\/www.viladellops.com\/ca\/activitat\/visita-finca-viladellops-eco-tour\/\" class=\"button-primary\">\n                Reservar ara            <\/a>\n\n        <\/div>\n\n<\/article>                                            <\/div>\n                                        \n            \n            \n\n        <\/div>\n\n<\/section>\n\n\n<section  class=\"donde-estamos py-6 lg:py-12\"> <!-- section -->\n\n\t<div class=\"relative\">\n\t\t<!-- if is a full width section, apply container -->\n\t\t\t\t<div class=\"grid grid-cols-1 lg:grid-cols-2 gap-8\">\n\t\t\t<div class=\"container p-8\">\n\t\t\t\t\n\t\t\t\t\t\t\t\t\t<h2 class=\"mb-8 mt-2 text-primary\">\n\t\t\t\t\t\tOn es troba la Finca Viladellops?\t\t\t\t\t<\/h2>\n\t\t\t\t\n\t\t\t\t\t\t\t\t\t<p class=\"mb-8\">\n\t\t\t\t\t\t<p>La <strong>Finca Viladellops<\/strong> es troba en un entorn privilegiat del Pened\u00e8s, perfectament connectada amb els principals nuclis urbans de Catalunya. Se encuentra a 40 minutos de Barcelona, \u200b\u200ba <strong>45 minutos de Tarragona<\/strong> y a tan solo <strong>15 minutos de Sitges<\/strong> i de <strong>Vilafranca del Pened\u00e8s<\/strong>, capital vitivin\u00edcola de la comarca. A m\u00e9s, l&#8217;<strong>Aeroport de Barcelona\u2013El Prat<\/strong> est\u00e0 a <strong>35 minuts<\/strong>, el que facilita l&#8217;acc\u00e9s tant per als visitants locals com internacionals. Esta localitzaci\u00f3 combina tranquilitat, paisatge i una excel\u00b7lent accessibilitat.<\/p>\n\t\t\t\t\t<\/p>\n\t\t\t\t\n\t\t\t\t\t\t\t\t\t<div class=\"mt-4 flex flex-col\">\n\n\t\t\t\t\t\t\t\t\t\t\t\t\t<a href=\"https:\/\/www.google.com\/maps\/place\/FINCA+VILADELLOPS\/@41.3064166,1.7341429,17z\/data=!3m1!4b1!4m6!3m5!1s0x12a47989090baf45:0x3c9162a53dc63dff!8m2!3d41.3064126!4d1.7367178!16s%2Fg%2F1tdhhznt?entry=ttu&#038;g_ep=EgoyMDI1MTIwOS4wIKXMDSoASAFQAw%3D%3D\" class=\"mb-4 flex items-center gap-2\" target=\"_blank\" rel=\"noopener\">\n\n\t\t\t\t\t\t\t\t<img class=\"w-4 h-4\"\n\t\t\t\t\t\t\t\t\tsrc=\"https:\/\/www.viladellops.com\/wp-content\/themes\/dmengine\/assets\/img\/icon-location.svg\">\n\t\t\t\t\t\t\t\tCeller Gran, Carrer Principal de Viladellops, n\u00famero 7, 08734 Viladellops, Barcelona\t\t\t\t\t\t\t<\/a>\n\t\t\t\t\t\t\n\t\t\t\t\t\t\t\t\t\t\t\t\t<a href=\"tel:tel:+34696730799\" class=\"mb-4 flex items-center gap-2\">\n\t\t\t\t\t\t\t\t<img class=\"w-4 h-4 text-black\"\n\t\t\t\t\t\t\t\t\tsrc=\"https:\/\/www.viladellops.com\/wp-content\/themes\/dmengine\/assets\/img\/icon-phone.svg\">\n\t\t\t\t\t\t\t\t+34696730799\t\t\t\t\t\t\t<\/a>\n\t\t\t\t\t\t\n\t\t\t\t\t\t\t\t\t\t\t\t\t<a href=\"mailto:mailto:info@viladellops.com\" class=\"mb-4 flex items-center gap-2\">\n\t\t\t\t\t\t\t\t<img class=\"w-4 h-4 text-black\"\n\t\t\t\t\t\t\t\t\tsrc=\"https:\/\/www.viladellops.com\/wp-content\/themes\/dmengine\/assets\/img\/icon-email-rounded.svg\">\n\t\t\t\t\t\t\t\tinfo@viladellops.com\t\t\t\t\t\t\t<\/a>\n\t\t\t\t\t\t\t\t\t\t\t<\/div>\n\t\t\t\t\n\t\t\t\t\n\t\t\t<\/div>\n\n\t\t\t\t\t\t\t<div class=\"iframe-full\">\n\t\t\t\t\t<iframe src=\"https:\/\/www.google.com\/maps\/embed?pb=!1m18!1m12!1m3!1d350190.76677909744!2d1.527104449318369!3d41.60209506549171!2m3!1f0!2f0!3f0!3m2!1i1024!2i768!4f13.1!3m3!1m2!1s0x12a47989090baf45%3A0x3c9162a53dc63dff!2sFINCA%20VILADELLOPS!5e0!3m2!1ses!2ses!4v1767810408964!5m2!1ses!2ses\" width=\"600\" height=\"450\" style=\"border:0;\" allowfullscreen=\"\" loading=\"lazy\" referrerpolicy=\"no-referrer-when-downgrade\"><\/iframe>\t\t\t\t<\/div>\n\t\t\t\t\t<\/div>\n\n\t<\/div>\n\n<\/section>\n\n\n<section  class=\"dm-block floating-cards \"> <!-- section -->\n\n    <div class=\"\"> <!-- if is a full width section, apply container -->\n\n\t\t\n\t\t\t\t\t<div class=\"floating-cards__grid grid grid-cols-1 md:grid-cols-2 gap-6\">\n\t\t\t\t\t\t\t\t\t<div class=\"flex flex-col shadow-xl p-6 items-center text-center floating-card bg-white rounded-lg\">\n\t\t\t\t\t\t\t\t\t\t\t\t\t<h3 class=\"text-primary uppercase\">\n\t\t\t\t\t\t\t\tVisites privades\t\t\t\t\t\t\t<\/h3>\n\t\t\t\t\t\t\t\t\t\t\t\t\t\t\t\t\t\t\t<div class=\"et_pb_promo_description\">\n<div>\n<p>Si prefereixes gaudir d\u2019una visita privada adaptada a les teves necessitats (dia\/hora) posa\u2019t en contacte amb nosaltres per a m\u00e9s informaci\u00f3.<\/p>\n<\/div>\n<\/div>\n\t\t\t\t\t\t\t\t\t\t\t\t\t\t\t\t\t\t\t\t<a href=\"\/ca\/contacte\/\" class=\"button-primary\">\n\t\t\t\t\t\t\t\t\tDemana informaci\u00f3\t\t\t\t\t\t\t\t<\/a>\n\t\t\t\t\t\t\t\t\t\t\t<\/div>\n\t\t\t\t\t\t\t\t\t<div class=\"flex flex-col shadow-xl p-6 items-center text-center floating-card bg-white rounded-lg\">\n\t\t\t\t\t\t\t\t\t\t\t\t\t<h3 class=\"text-primary uppercase\">\n\t\t\t\t\t\t\t\tAparcament Privat\t\t\t\t\t\t\t<\/h3>\n\t\t\t\t\t\t\t\t\t\t\t\t\t\t\t\t\t\t\t<p>Els visitants disposen d\u2019aparcament privat a les nostres instal\u00b7lacions.<br data-start=\"607\" data-end=\"610\" \/>Utilitzeu el p\u00e0rquing exclusiu de Finca Viladellops.<\/p>\n\t\t\t\t\t\t\t\t\t\t\t\t\t\t\t\t\t<\/div>\n\t\t\t\t\t\t\t<\/div>\n\t\t\n\t<\/div>\n\n<\/section>\n\n<div data-src=\"https:\/\/cdn.trustindex.io\/loader.js?089a1ab4762411531f561ba2cb2\"><\/div>\n\n\n\n<div style=\"height:70px\" aria-hidden=\"true\" class=\"wp-block-spacer\"><\/div>\n\n\n\n\n<!-- Section Image Right -->\n<section  class=\"dm-block block-img-section-full alignfull has-background has--background-color relative pb-12 lg:py-24\" style=\"background-color: #cceffc;\">\n    <div class=\"lg:absolute inset-y-0 w-full lg:w-1\/2 h-full right-0\">\n                    <img decoding=\"async\" src=\"https:\/\/www.viladellops.com\/wp-content\/uploads\/2025\/12\/wine-village-poble-on-fer-enoturisme-a-catalunya-i-visites-enoturistiques.svg\" class=\"object-cover object-center w-full h-full\" alt=\"\" \/>        \n        \n                \n        \n    <\/div>\n    <div class=\"container mx-auto px-8\">\n        <div class=\"flex flex-wrap -mx-8\">\n            <div class=\"w-full lg:w-5\/12 px-8 pt-8 lg:pt-0\">\n                                                            <h2 class=\"mb-0\">\n                                            Finca Viladellops                                            <\/h2>\n                                    \n                                    <p class=\"m-0 text-2xl\">\n                        L\u2019autenticitat d\u2019un poble vitivin\u00edcola                    <\/p>\n                \n                                    <div class=\"mt-5 mb-9 leading-normal\">\n                        <p>Finca Viladellops es troba al costat del castell d\u2019Ol\u00e8rdola, a la zona vin\u00edcola del Mass\u00eds del Garraf, al Pened\u00e8s, a 45 km de Barcelona. Els or\u00edgens d\u2019Ol\u00e8rdola es remunten als ibers; i la seva import\u00e0ncia hist\u00f2rica i estrat\u00e8gica s\u2019ha perpetuat al llarg del temps, sent en l\u2019\u00e8poca medieval una ciutat fronterera amb el m\u00f3n musulm\u00e0.<\/p>\n<p>Finca ecol\u00f2gica certificada, amb 60 Ha de vinyes pr\u00f2pies, de les varietats aut\u00f2ctones Xarel\u00b7lo i Garnatxa, dins d\u2019una propietat amb una extensi\u00f3 de 400 Ha.<\/p>\n<p>Al vessant de la muntanya que envolta el celler, es poden observar els bancals amb oliveres, ametllers i vinyes, cultius que han constitu\u00eft des de temps immemorials la base agr\u00edcola de la propietat.<\/p>\n                    <\/div>\n                \n                \n                    <div class=\"flex flex-wrap gap-x-5 gap-y-3\">\n                                                    <a href=\"\/ca\/wine-village-poble-vitivinicola-al-penedes\/\" class=\"button-primary\">\n                                Descobreix la finca                            <\/a>\n                                            <\/div>\n\n                \n            <\/div>\n        <\/div>\n    <\/div>\n<\/section>\n\n\n<section  class=\"dm-block block-img-section \">\n\n    <div class=\"flex flex-col gap-20 lg:grid lg:grid-cols-2 lg:items-center \">\n        <div class=\"h-full \">\n\n                            <img loading=\"lazy\" decoding=\"async\" width=\"1600\" height=\"1047\" src=\"https:\/\/www.viladellops.com\/wp-content\/uploads\/2025\/12\/poble-viladellops7.webp\" class=\"w-full h-full aspect-square object-cover rounded-xl object-center\" alt=\"\" srcset=\"https:\/\/www.viladellops.com\/wp-content\/uploads\/2025\/12\/poble-viladellops7.webp 1600w, https:\/\/www.viladellops.com\/wp-content\/uploads\/2025\/12\/poble-viladellops7-300x196.webp 300w, https:\/\/www.viladellops.com\/wp-content\/uploads\/2025\/12\/poble-viladellops7-600x393.webp 600w, https:\/\/www.viladellops.com\/wp-content\/uploads\/2025\/12\/poble-viladellops7-480x314.webp 480w, https:\/\/www.viladellops.com\/wp-content\/uploads\/2025\/12\/poble-viladellops7-986x645.webp 986w, https:\/\/www.viladellops.com\/wp-content\/uploads\/2025\/12\/poble-viladellops7-768x503.webp 768w, https:\/\/www.viladellops.com\/wp-content\/uploads\/2025\/12\/poble-viladellops7-1536x1005.webp 1536w, https:\/\/www.viladellops.com\/wp-content\/uploads\/2025\/12\/poble-viladellops7-380x249.webp 380w\" sizes=\"auto, (max-width: 1600px) 100vw, 1600px\" \/>            \n            \n            \n            \n            \n            \n        <\/div>\n        <div class=\"xl:max-w-[605px]\">\n\n            \n                                                    <h2 class=\"mb-0 text-primary\">\n                                                    Finca ecol\u00f2gica                                                <\/h2>\n                                                        <p class=\"m-0 text-lg font-bold\">\n                    El nostre comprom\u00eds amb la sostenibilitat                <\/p>\n                                        <div class=\"my-5 text-base leading-normal\">\n                    <p>La terra i la vinya \u00e9s la part m\u00e9s essencial de Finca Viladellops, per aix\u00f2 no podem percebre el nostre treball al camp sense la visi\u00f3 sostenible i ecol\u00f2gica. Vivim per i amb la natura i la vinya que donen sentit a la nostra hist\u00f2ria.<\/p>\n<p>La principal finalitat dels vins de Finca Viladellops \u00e9s transmetre la tipicitat i la hist\u00f2ria que l\u2019envolten.<\/p>\n                <\/div>\n                        \n                            <div class=\"flex flex-wrap gap-x-5 gap-y-3\">\n                                            <a\n                            href=\"\/ca\/finca-ecologica-i-sostenible\/\"\n                            class=\"button-primary\"\n                            target=\"_self\">\n                            El nostre comprom\u00eds                                                    <\/a>\n                                    <\/div>\n                    <\/div>\n            <\/div>\n\n<\/section>\n\n\n<section  class=\"dm-block cuadros-informativos alignfull \" style=\"background-image: url(https:\/\/www.viladellops.com\/wp-content\/uploads\/2025\/12\/hero-viladellops.webp); background-size: fill; background-position: bottom; background-repeat: no-repeat;\"> <!-- section -->\n\n\t<div class=\"container\"> <!-- if is a full width section, apply container -->\n\n\t\t\n\t\t\t\t\t<div class=\"grid grid-cols-1 md:grid-cols-3 gap-6 mb-10\">\n\t\t\t\t\t\t\t\t\t<div class=\"p-6 border rounded-sm h-full bg-white flex flex-col\">\n\t\t\t\t\t\t\t\t\t\t\t\t\t<h3 class=\"text-xl uppercase font-semibold mb-2 text-primary\">Experi\u00e8ncies enotur\u00edstiques<\/h3>\n\t\t\t\t\t\t\t\t\t\t\t\t\t\t\t\t\t\t\t<p>Al cor del Pened\u00e8s pots gaudir d\u2019una experi\u00e8ncia enotur\u00edstica \u00fanica amb els wine tours de Finca Viladellops Descobreix el celler (que data del 1877), visita les vinyes i coneix els secrets de l\u2019elaboraci\u00f3 del vi.<\/p>\n\t\t\t\t\t\t\t\t\t\t\t\t\t\t\t\t\t\t\t<a href=\"https:\/\/www.viladellops.com\/ca\/enoturisme-al-penedes\/\" class=\"button-primary mt-auto\">\n\t\t\t\t\t\t\t\tWine tours\t\t\t\t\t\t\t<\/a>\n\t\t\t\t\t\t\t\t\t\t\t<\/div>\n\t\t\t\t\t\t\t\t\t<div class=\"p-6 border rounded-sm h-full bg-white flex flex-col\">\n\t\t\t\t\t\t\t\t\t\t\t\t\t<h3 class=\"text-xl uppercase font-semibold mb-2 text-primary\">Allotjaments tur\u00edstics<\/h3>\n\t\t\t\t\t\t\t\t\t\t\t\t\t\t\t\t\t\t\t<p>Als allotjaments de Finca Viladellops hi trobar\u00e0s la tranquil\u00b7litat que busques amb tot el necessari per a fer l\u2019estada perfecta.\u00a0Masies del S.XVIII totalment restaurades i decorades fins a l\u2019\u00faltim detall. Envoltades de vinyes amb vistes a un paisatge meravell\u00f3s. Envoltades de vinyes amb vistes a un paisatge meravell\u00f3s.<\/p>\n\t\t\t\t\t\t\t\t\t\t\t\t\t\t\t\t\t\t\t<a href=\"https:\/\/www.viladellops.com\/ca\/lloguer-casa-rural-barcelona\/\" class=\"button-primary mt-auto\">\n\t\t\t\t\t\t\t\tAllotjaments\t\t\t\t\t\t\t<\/a>\n\t\t\t\t\t\t\t\t\t\t\t<\/div>\n\t\t\t\t\t\t\t\t\t<div class=\"p-6 border rounded-sm h-full bg-white flex flex-col\">\n\t\t\t\t\t\t\t\t\t\t\t\t\t<h3 class=\"text-xl uppercase font-semibold mb-2 text-primary\">Vins Ecol\u00f2gics<\/h3>\n\t\t\t\t\t\t\t\t\t\t\t\t\t\t\t\t\t\t\t<p>Finca ecol\u00f2gica certificada, d\u2019elaboraci\u00f3 de vins de qualitat, mediterranis i creats \u00fanicament amb el ra\u00efm cultivat a les nostres terres, un ra\u00efm curosament seleccionat per garantir la perfecci\u00f3 en el producte final. Amb 60 Ha de vinyes pr\u00f2pies, de les varietats aut\u00f2ctones Xarel\u00b7lo i Garnatxa.<\/p>\n\t\t\t\t\t\t\t\t\t\t\t\t\t\t\t\t\t\t\t<a href=\"https:\/\/www.viladellops.com\/ca\/els-vins-de-finca-viladellops\/\" class=\"button-primary mt-auto\">\n\t\t\t\t\t\t\t\tEls vins Finca Viladellops\t\t\t\t\t\t\t<\/a>\n\t\t\t\t\t\t\t\t\t\t\t<\/div>\n\t\t\t\t\t\t\t<\/div>\n\t\t\n\t<\/div>\n\n<\/section>\n\n\n<section  class=\"dm-block block-wines-animation \"> <!-- section -->\n\n    <div class=\"\"> <!-- if is a full width section, apply container -->\n\n\t\t\t\t\t<h2 class=\"text-2xl\">Els vins Finca Viladellops<\/h2>\t\t\n\t\t\t\t\t<p class=\"wines-anim-subheading\">Descobreix els nostres vins ecol\u00f2gics elaborats \u00fanicament amb el ra\u00efm cultivat a les nostres terres.<\/p>\n\t\t\n\t\t<div class=\"dm-animate-rotate-blur grid grid-cols-4 xl:grid-cols-7\">\n\t\t\t\t\t\t\t<div class=\"dm-animate-rotate-blur-inner wines-anim-item\">\n\t\t\t\t\t<a href=\"https:\/\/www.viladellops.com\/ca\/producte\/finca-viladellops-negre\/\" class=\"wines-anim-link\">\n\t\t\t\t\t\t\t\t\t\t\t\t\t<div class=\"wines-anim-image\">\n\t\t\t\t\t\t\t\t<img loading=\"lazy\" decoding=\"async\" width=\"455\" height=\"1400\" src=\"https:\/\/www.viladellops.com\/wp-content\/uploads\/2025\/12\/garnatxa.webp\" class=\"attachment-full size-full wp-post-image\" alt=\"\" srcset=\"https:\/\/www.viladellops.com\/wp-content\/uploads\/2025\/12\/garnatxa.webp 455w, https:\/\/www.viladellops.com\/wp-content\/uploads\/2025\/12\/garnatxa-300x923.webp 300w, https:\/\/www.viladellops.com\/wp-content\/uploads\/2025\/12\/garnatxa-156x480.webp 156w, https:\/\/www.viladellops.com\/wp-content\/uploads\/2025\/12\/garnatxa-320x986.webp 320w\" sizes=\"auto, (max-width: 455px) 100vw, 455px\" \/>\t\t\t\t\t\t\t<\/div>\n\t\t\t\t\t\t\t\t\t\t\t<\/a>\n\t\t\t\t<\/div>\n\t\t\t\t\t\t\t\t<div class=\"dm-animate-rotate-blur-inner wines-anim-item\">\n\t\t\t\t\t<a href=\"https:\/\/www.viladellops.com\/ca\/producte\/finca-viladellops-xarello\/\" class=\"wines-anim-link\">\n\t\t\t\t\t\t\t\t\t\t\t\t\t<div class=\"wines-anim-image\">\n\t\t\t\t\t\t\t\t<img loading=\"lazy\" decoding=\"async\" width=\"455\" height=\"1400\" src=\"https:\/\/www.viladellops.com\/wp-content\/uploads\/2025\/12\/seleccio-tres-xarellos-2023-sin-anada-res.webp\" class=\"attachment-full size-full wp-post-image\" alt=\"\" srcset=\"https:\/\/www.viladellops.com\/wp-content\/uploads\/2025\/12\/seleccio-tres-xarellos-2023-sin-anada-res.webp 455w, https:\/\/www.viladellops.com\/wp-content\/uploads\/2025\/12\/seleccio-tres-xarellos-2023-sin-anada-res-300x923.webp 300w, https:\/\/www.viladellops.com\/wp-content\/uploads\/2025\/12\/seleccio-tres-xarellos-2023-sin-anada-res-156x480.webp 156w, https:\/\/www.viladellops.com\/wp-content\/uploads\/2025\/12\/seleccio-tres-xarellos-2023-sin-anada-res-320x986.webp 320w\" sizes=\"auto, (max-width: 455px) 100vw, 455px\" \/>\t\t\t\t\t\t\t<\/div>\n\t\t\t\t\t\t\t\t\t\t\t<\/a>\n\t\t\t\t<\/div>\n\t\t\t\t\t\t\t\t<div class=\"dm-animate-rotate-blur-inner wines-anim-item\">\n\t\t\t\t\t<a href=\"https:\/\/www.viladellops.com\/ca\/producte\/ld-ancestral\/\" class=\"wines-anim-link\">\n\t\t\t\t\t\t\t\t\t\t\t\t\t<div class=\"wines-anim-image\">\n\t\t\t\t\t\t\t\t<img loading=\"lazy\" decoding=\"async\" width=\"455\" height=\"1400\" src=\"https:\/\/www.viladellops.com\/wp-content\/uploads\/2025\/12\/ancestral.webp\" class=\"attachment-full size-full wp-post-image\" alt=\"\" srcset=\"https:\/\/www.viladellops.com\/wp-content\/uploads\/2025\/12\/ancestral.webp 455w, https:\/\/www.viladellops.com\/wp-content\/uploads\/2025\/12\/ancestral-300x923.webp 300w, https:\/\/www.viladellops.com\/wp-content\/uploads\/2025\/12\/ancestral-156x480.webp 156w, https:\/\/www.viladellops.com\/wp-content\/uploads\/2025\/12\/ancestral-320x986.webp 320w\" sizes=\"auto, (max-width: 455px) 100vw, 455px\" \/>\t\t\t\t\t\t\t<\/div>\n\t\t\t\t\t\t\t\t\t\t\t<\/a>\n\t\t\t\t<\/div>\n\t\t\t\t\t\t\t\t<div class=\"dm-animate-rotate-blur-inner wines-anim-item\">\n\t\t\t\t\t<a href=\"https:\/\/www.viladellops.com\/ca\/producte\/parany\/\" class=\"wines-anim-link\">\n\t\t\t\t\t\t\t\t\t\t\t\t\t<div class=\"wines-anim-image\">\n\t\t\t\t\t\t\t\t<img loading=\"lazy\" decoding=\"async\" width=\"455\" height=\"1400\" src=\"https:\/\/www.viladellops.com\/wp-content\/uploads\/2025\/12\/parany-1.webp\" class=\"attachment-full size-full wp-post-image\" alt=\"\" srcset=\"https:\/\/www.viladellops.com\/wp-content\/uploads\/2025\/12\/parany-1.webp 455w, https:\/\/www.viladellops.com\/wp-content\/uploads\/2025\/12\/parany-1-300x923.webp 300w, https:\/\/www.viladellops.com\/wp-content\/uploads\/2025\/12\/parany-1-156x480.webp 156w, https:\/\/www.viladellops.com\/wp-content\/uploads\/2025\/12\/parany-1-320x986.webp 320w\" sizes=\"auto, (max-width: 455px) 100vw, 455px\" \/>\t\t\t\t\t\t\t<\/div>\n\t\t\t\t\t\t\t\t\t\t\t<\/a>\n\t\t\t\t<\/div>\n\t\t\t\t\t\t\t\t<div class=\"dm-animate-rotate-blur-inner wines-anim-item\">\n\t\t\t\t\t<a href=\"https:\/\/www.viladellops.com\/ca\/producte\/turo-de-les-abelles\/\" class=\"wines-anim-link\">\n\t\t\t\t\t\t\t\t\t\t\t\t\t<div class=\"wines-anim-image\">\n\t\t\t\t\t\t\t\t<img loading=\"lazy\" decoding=\"async\" width=\"455\" height=\"1400\" src=\"https:\/\/www.viladellops.com\/wp-content\/uploads\/2025\/12\/turo-de-les-abelles-1.webp\" class=\"attachment-full size-full wp-post-image\" alt=\"\" srcset=\"https:\/\/www.viladellops.com\/wp-content\/uploads\/2025\/12\/turo-de-les-abelles-1.webp 455w, https:\/\/www.viladellops.com\/wp-content\/uploads\/2025\/12\/turo-de-les-abelles-1-300x923.webp 300w, https:\/\/www.viladellops.com\/wp-content\/uploads\/2025\/12\/turo-de-les-abelles-1-156x480.webp 156w, https:\/\/www.viladellops.com\/wp-content\/uploads\/2025\/12\/turo-de-les-abelles-1-320x986.webp 320w\" sizes=\"auto, (max-width: 455px) 100vw, 455px\" \/>\t\t\t\t\t\t\t<\/div>\n\t\t\t\t\t\t\t\t\t\t\t<\/a>\n\t\t\t\t<\/div>\n\t\t\t\t\t\t\t\t<div class=\"dm-animate-rotate-blur-inner wines-anim-item\">\n\t\t\t\t\t<a href=\"https:\/\/www.viladellops.com\/ca\/producte\/viladellops-garnatxa\/\" class=\"wines-anim-link\">\n\t\t\t\t\t\t\t\t\t\t\t\t\t<div class=\"wines-anim-image\">\n\t\t\t\t\t\t\t\t<img loading=\"lazy\" decoding=\"async\" width=\"455\" height=\"1400\" src=\"https:\/\/www.viladellops.com\/wp-content\/uploads\/2025\/12\/garnatxa-negra-nueva-etiqueta.webp\" class=\"attachment-full size-full wp-post-image\" alt=\"\" srcset=\"https:\/\/www.viladellops.com\/wp-content\/uploads\/2025\/12\/garnatxa-negra-nueva-etiqueta.webp 455w, https:\/\/www.viladellops.com\/wp-content\/uploads\/2025\/12\/garnatxa-negra-nueva-etiqueta-156x480.webp 156w, https:\/\/www.viladellops.com\/wp-content\/uploads\/2025\/12\/garnatxa-negra-nueva-etiqueta-320x986.webp 320w, https:\/\/www.viladellops.com\/wp-content\/uploads\/2025\/12\/garnatxa-negra-nueva-etiqueta-300x923.webp 300w\" sizes=\"auto, (max-width: 455px) 100vw, 455px\" \/>\t\t\t\t\t\t\t<\/div>\n\t\t\t\t\t\t\t\t\t\t\t<\/a>\n\t\t\t\t<\/div>\n\t\t\t\t\t\t\t\t<div class=\"dm-animate-rotate-blur-inner wines-anim-item\">\n\t\t\t\t\t<a href=\"https:\/\/www.viladellops.com\/ca\/producte\/viladellops-xarello\/\" class=\"wines-anim-link\">\n\t\t\t\t\t\t\t\t\t\t\t\t\t<div class=\"wines-anim-image\">\n\t\t\t\t\t\t\t\t<img loading=\"lazy\" decoding=\"async\" width=\"455\" height=\"1400\" src=\"https:\/\/www.viladellops.com\/wp-content\/uploads\/2025\/12\/xarello-nueva-etiqueta.webp\" class=\"attachment-full size-full wp-post-image\" alt=\"\" srcset=\"https:\/\/www.viladellops.com\/wp-content\/uploads\/2025\/12\/xarello-nueva-etiqueta.webp 455w, https:\/\/www.viladellops.com\/wp-content\/uploads\/2025\/12\/xarello-nueva-etiqueta-156x480.webp 156w, https:\/\/www.viladellops.com\/wp-content\/uploads\/2025\/12\/xarello-nueva-etiqueta-320x986.webp 320w, https:\/\/www.viladellops.com\/wp-content\/uploads\/2025\/12\/xarello-nueva-etiqueta-300x923.webp 300w\" sizes=\"auto, (max-width: 455px) 100vw, 455px\" \/>\t\t\t\t\t\t\t<\/div>\n\t\t\t\t\t\t\t\t\t\t\t<\/a>\n\t\t\t\t<\/div>\n\t\t\t\t\t\t<\/div>\n\t<\/div>\n<\/section>\n\n\n\n\n\n<section  class=\"dm-block block-post-type-list grid-layout\">\n\n        <div class=\"\">\n            <div class=\"mb-6\">\n                \n                <h2 class=\"mb-0 mt-4 text-3xl text-center\">Els nostres vins premiats<\/h2>                                            <\/div>\n\n                                                        <div class=\"grid gap-baseGap lg:grid-cols-3\">\n                                                                                \n<article class=\"swiper-slide px-6 py-4 rounded-md shadow-[0_0_20px_rgba(0,0,0,0.5)] bg-white post-2634 logro type-logro status-publish format-standard has-post-thumbnail hentry\">\n\n    <div class=\"w-full h-full flex gap-3\">\n\n        <img loading=\"lazy\" decoding=\"async\" width=\"394\" height=\"250\" src=\"https:\/\/www.viladellops.com\/wp-content\/uploads\/2025\/12\/anc-2021-millor-xarello-vermell-la-guia-dels-vins-de-catalunya-2025-pdf.png\" class=\"w-1\/4 object-contain wp-post-image\" alt=\"\" srcset=\"https:\/\/www.viladellops.com\/wp-content\/uploads\/2025\/12\/anc-2021-millor-xarello-vermell-la-guia-dels-vins-de-catalunya-2025-pdf.png 394w, https:\/\/www.viladellops.com\/wp-content\/uploads\/2025\/12\/anc-2021-millor-xarello-vermell-la-guia-dels-vins-de-catalunya-2025-pdf-300x190.png 300w, https:\/\/www.viladellops.com\/wp-content\/uploads\/2025\/12\/anc-2021-millor-xarello-vermell-la-guia-dels-vins-de-catalunya-2025-pdf-380x241.png 380w\" sizes=\"auto, (max-width: 394px) 100vw, 394px\" \/>\n        <div class=\"w-3\/4\">\n                            <h3 class=\"text-base font-semibold mb-2 line-clamp-2\">\n                    Guia de Vins de Catalunya 2025                <\/h3>\n            \n            <p class=\"text-sm\">Finca Viladellops L.D. Ancestral Xarel\u00b7lo<\/p>\n        <\/div>\n\n    <\/div>\n\n<\/article>\n<article class=\"swiper-slide px-6 py-4 rounded-md shadow-[0_0_20px_rgba(0,0,0,0.5)] bg-white post-2642 logro type-logro status-publish format-standard has-post-thumbnail hentry\">\n\n    <div class=\"w-full h-full flex gap-3\">\n\n        <img loading=\"lazy\" decoding=\"async\" width=\"395\" height=\"250\" src=\"https:\/\/www.viladellops.com\/wp-content\/uploads\/2025\/12\/fvx-2022-millor-vi-tranquil-xarello-la-guia-dels-vins-2025-pdf.png\" class=\"w-1\/4 object-contain wp-post-image\" alt=\"\" srcset=\"https:\/\/www.viladellops.com\/wp-content\/uploads\/2025\/12\/fvx-2022-millor-vi-tranquil-xarello-la-guia-dels-vins-2025-pdf.png 395w, https:\/\/www.viladellops.com\/wp-content\/uploads\/2025\/12\/fvx-2022-millor-vi-tranquil-xarello-la-guia-dels-vins-2025-pdf-300x190.png 300w, https:\/\/www.viladellops.com\/wp-content\/uploads\/2025\/12\/fvx-2022-millor-vi-tranquil-xarello-la-guia-dels-vins-2025-pdf-380x241.png 380w\" sizes=\"auto, (max-width: 395px) 100vw, 395px\" \/>\n        <div class=\"w-3\/4\">\n                            <h3 class=\"text-base font-semibold mb-2 line-clamp-2\">\n                    Guia de Vins de Catalunya 2025                <\/h3>\n            \n            <p class=\"text-sm\">Finca Viladellops Xarel\u00b7lo<\/p>\n        <\/div>\n\n    <\/div>\n\n<\/article>\n<article class=\"swiper-slide px-6 py-4 rounded-md shadow-[0_0_20px_rgba(0,0,0,0.5)] bg-white post-2505 logro type-logro status-publish format-standard has-post-thumbnail hentry\">\n\n    <div class=\"w-full h-full flex gap-3\">\n\n        <img loading=\"lazy\" decoding=\"async\" width=\"250\" height=\"250\" src=\"https:\/\/www.viladellops.com\/wp-content\/uploads\/2025\/12\/millesime-bio-23-or.png\" class=\"w-1\/4 object-contain wp-post-image\" alt=\"\" srcset=\"https:\/\/www.viladellops.com\/wp-content\/uploads\/2025\/12\/millesime-bio-23-or.png 250w, https:\/\/www.viladellops.com\/wp-content\/uploads\/2025\/12\/millesime-bio-23-or-100x100.png 100w, https:\/\/www.viladellops.com\/wp-content\/uploads\/2025\/12\/millesime-bio-23-or-150x150.png 150w\" sizes=\"auto, (max-width: 250px) 100vw, 250px\" \/>\n        <div class=\"w-3\/4\">\n                            <h3 class=\"text-base font-semibold mb-2 line-clamp-2\">\n                    Medalla d&#8217;or mill\u00e9sime bio 2023                <\/h3>\n            \n            <p class=\"text-sm\">Finca Viladellops Xarel\u00b7lo\nAnyada 2019<\/p>\n        <\/div>\n\n    <\/div>\n\n<\/article>\n<article class=\"swiper-slide px-6 py-4 rounded-md shadow-[0_0_20px_rgba(0,0,0,0.5)] bg-white post-2519 logro type-logro status-publish format-standard has-post-thumbnail hentry\">\n\n    <div class=\"w-full h-full flex gap-3\">\n\n        <img loading=\"lazy\" decoding=\"async\" width=\"250\" height=\"250\" src=\"https:\/\/www.viladellops.com\/wp-content\/uploads\/2025\/12\/millesime-bio-23-or.png\" class=\"w-1\/4 object-contain wp-post-image\" alt=\"\" srcset=\"https:\/\/www.viladellops.com\/wp-content\/uploads\/2025\/12\/millesime-bio-23-or.png 250w, https:\/\/www.viladellops.com\/wp-content\/uploads\/2025\/12\/millesime-bio-23-or-100x100.png 100w, https:\/\/www.viladellops.com\/wp-content\/uploads\/2025\/12\/millesime-bio-23-or-150x150.png 150w\" sizes=\"auto, (max-width: 250px) 100vw, 250px\" \/>\n        <div class=\"w-3\/4\">\n                            <h3 class=\"text-base font-semibold mb-2 line-clamp-2\">\n                    Medalla d&#8217;or mill\u00e9sime bio 2023                <\/h3>\n            \n            <p class=\"text-sm\">Finca Viladellops Negre\nAnyada 2019<\/p>\n        <\/div>\n\n    <\/div>\n\n<\/article>\n<article class=\"swiper-slide px-6 py-4 rounded-md shadow-[0_0_20px_rgba(0,0,0,0.5)] bg-white post-2523 logro type-logro status-publish format-standard has-post-thumbnail hentry\">\n\n    <div class=\"w-full h-full flex gap-3\">\n\n        <img loading=\"lazy\" decoding=\"async\" width=\"250\" height=\"250\" src=\"https:\/\/www.viladellops.com\/wp-content\/uploads\/2025\/12\/millesime-bio-23-or.png\" class=\"w-1\/4 object-contain wp-post-image\" alt=\"\" srcset=\"https:\/\/www.viladellops.com\/wp-content\/uploads\/2025\/12\/millesime-bio-23-or.png 250w, https:\/\/www.viladellops.com\/wp-content\/uploads\/2025\/12\/millesime-bio-23-or-100x100.png 100w, https:\/\/www.viladellops.com\/wp-content\/uploads\/2025\/12\/millesime-bio-23-or-150x150.png 150w\" sizes=\"auto, (max-width: 250px) 100vw, 250px\" \/>\n        <div class=\"w-3\/4\">\n                            <h3 class=\"text-base font-semibold mb-2 line-clamp-2\">\n                    Medalla d&#8217;or mill\u00e9sime bio 2023                <\/h3>\n            \n            <p class=\"text-sm\">Finca Viladellops L.D. Ancestral\nAnyada 2020<\/p>\n        <\/div>\n\n    <\/div>\n\n<\/article>\n<article class=\"swiper-slide px-6 py-4 rounded-md shadow-[0_0_20px_rgba(0,0,0,0.5)] bg-white post-2528 logro type-logro status-publish format-standard has-post-thumbnail hentry\">\n\n    <div class=\"w-full h-full flex gap-3\">\n\n        <img loading=\"lazy\" decoding=\"async\" width=\"250\" height=\"250\" src=\"https:\/\/www.viladellops.com\/wp-content\/uploads\/2025\/12\/millesime-bio-23-or.png\" class=\"w-1\/4 object-contain wp-post-image\" alt=\"\" srcset=\"https:\/\/www.viladellops.com\/wp-content\/uploads\/2025\/12\/millesime-bio-23-or.png 250w, https:\/\/www.viladellops.com\/wp-content\/uploads\/2025\/12\/millesime-bio-23-or-100x100.png 100w, https:\/\/www.viladellops.com\/wp-content\/uploads\/2025\/12\/millesime-bio-23-or-150x150.png 150w\" sizes=\"auto, (max-width: 250px) 100vw, 250px\" \/>\n        <div class=\"w-3\/4\">\n                            <h3 class=\"text-base font-semibold mb-2 line-clamp-2\">\n                    Medalla d&#8217;or mill\u00e9sime bio 2023                <\/h3>\n            \n            <p class=\"text-sm\">Finca Viladellops Xarel\u00b7lo\nAnyada 2004<\/p>\n        <\/div>\n\n    <\/div>\n\n<\/article>\n<article class=\"swiper-slide px-6 py-4 rounded-md shadow-[0_0_20px_rgba(0,0,0,0.5)] bg-white post-2495 logro type-logro status-publish format-standard has-post-thumbnail hentry\">\n\n    <div class=\"w-full h-full flex gap-3\">\n\n        <img loading=\"lazy\" decoding=\"async\" width=\"250\" height=\"247\" src=\"https:\/\/www.viladellops.com\/wp-content\/uploads\/2025\/12\/gilbert-e-gaillard-logo-1.png\" class=\"w-1\/4 object-contain wp-post-image\" alt=\"\" srcset=\"https:\/\/www.viladellops.com\/wp-content\/uploads\/2025\/12\/gilbert-e-gaillard-logo-1.png 250w, https:\/\/www.viladellops.com\/wp-content\/uploads\/2025\/12\/gilbert-e-gaillard-logo-1-100x100.png 100w\" sizes=\"auto, (max-width: 250px) 100vw, 250px\" \/>\n        <div class=\"w-3\/4\">\n                            <h3 class=\"text-base font-semibold mb-2 line-clamp-2\">\n                    Medalla d&#8217;or 90 + Gilbert Gaillard 2017                <\/h3>\n            \n            <p class=\"text-sm\">Finca Viladellops Xarel\u00b7lo\nAnyada 2014<\/p>\n        <\/div>\n\n    <\/div>\n\n<\/article>\n<article class=\"swiper-slide px-6 py-4 rounded-md shadow-[0_0_20px_rgba(0,0,0,0.5)] bg-white post-2547 logro type-logro status-publish format-standard has-post-thumbnail hentry\">\n\n    <div class=\"w-full h-full flex gap-3\">\n\n        <img loading=\"lazy\" decoding=\"async\" width=\"477\" height=\"480\" src=\"https:\/\/www.viladellops.com\/wp-content\/uploads\/2025\/12\/medalla-de-plata-sommelier-wine-awards-477x480.png\" class=\"w-1\/4 object-contain wp-post-image\" alt=\"\" srcset=\"https:\/\/www.viladellops.com\/wp-content\/uploads\/2025\/12\/medalla-de-plata-sommelier-wine-awards-477x480.png 477w, https:\/\/www.viladellops.com\/wp-content\/uploads\/2025\/12\/medalla-de-plata-sommelier-wine-awards-300x302.png 300w, https:\/\/www.viladellops.com\/wp-content\/uploads\/2025\/12\/medalla-de-plata-sommelier-wine-awards-100x100.png 100w, https:\/\/www.viladellops.com\/wp-content\/uploads\/2025\/12\/medalla-de-plata-sommelier-wine-awards-150x150.png 150w, https:\/\/www.viladellops.com\/wp-content\/uploads\/2025\/12\/medalla-de-plata-sommelier-wine-awards-378x380.png 378w, https:\/\/www.viladellops.com\/wp-content\/uploads\/2025\/12\/medalla-de-plata-sommelier-wine-awards.png 530w\" sizes=\"auto, (max-width: 477px) 100vw, 477px\" \/>\n        <div class=\"w-3\/4\">\n                            <h3 class=\"text-base font-semibold mb-2 line-clamp-2\">\n                    Medalla de plata Sommelier Wine Awards 2017                <\/h3>\n            \n            <p class=\"text-sm\">Finca Viladellops Xarel\u00b7lo\nAnyada 2014<\/p>\n        <\/div>\n\n    <\/div>\n\n<\/article>\n<article class=\"swiper-slide px-6 py-4 rounded-md shadow-[0_0_20px_rgba(0,0,0,0.5)] bg-white post-2452 logro type-logro status-publish format-standard has-post-thumbnail hentry\">\n\n    <div class=\"w-full h-full flex gap-3\">\n\n        <img loading=\"lazy\" decoding=\"async\" width=\"217\" height=\"199\" src=\"https:\/\/www.viladellops.com\/wp-content\/uploads\/2025\/12\/hoja-grana-vinum-nature-e1676882744428.png\" class=\"w-1\/4 object-contain wp-post-image\" alt=\"\" \/>\n        <div class=\"w-3\/4\">\n                            <h3 class=\"text-base font-semibold mb-2 line-clamp-2\">\n                    Fulla Grana Vinum Nature 2016                <\/h3>\n            \n            <p class=\"text-sm\">Finca Viladellops Xarel\u00b7lo\nAnyada 2013<\/p>\n        <\/div>\n\n    <\/div>\n\n<\/article>\n<article class=\"swiper-slide px-6 py-4 rounded-md shadow-[0_0_20px_rgba(0,0,0,0.5)] bg-white post-2598 logro type-logro status-publish format-standard has-post-thumbnail hentry\">\n\n    <div class=\"w-full h-full flex gap-3\">\n\n        <img loading=\"lazy\" decoding=\"async\" width=\"300\" height=\"300\" src=\"https:\/\/www.viladellops.com\/wp-content\/uploads\/2025\/12\/parker-90.png\" class=\"w-1\/4 object-contain wp-post-image\" alt=\"\" srcset=\"https:\/\/www.viladellops.com\/wp-content\/uploads\/2025\/12\/parker-90.png 300w, https:\/\/www.viladellops.com\/wp-content\/uploads\/2025\/12\/parker-90-100x100.png 100w, https:\/\/www.viladellops.com\/wp-content\/uploads\/2025\/12\/parker-90-150x150.png 150w\" sizes=\"auto, (max-width: 300px) 100vw, 300px\" \/>\n        <div class=\"w-3\/4\">\n                            <h3 class=\"text-base font-semibold mb-2 line-clamp-2\">\n                    Puntuaci\u00f3 Parker 90 2016                <\/h3>\n            \n            <p class=\"text-sm\">Finca Viladellops Xarel\u00b7lo\nAnyada 2013 &#038; 2014<\/p>\n        <\/div>\n\n    <\/div>\n\n<\/article>\n<article class=\"swiper-slide px-6 py-4 rounded-md shadow-[0_0_20px_rgba(0,0,0,0.5)] bg-white post-2618 logro type-logro status-publish format-standard has-post-thumbnail hentry\">\n\n    <div class=\"w-full h-full flex gap-3\">\n\n        <img loading=\"lazy\" decoding=\"async\" width=\"480\" height=\"480\" src=\"https:\/\/www.viladellops.com\/wp-content\/uploads\/2025\/12\/parker-91-480x480.png\" class=\"w-1\/4 object-contain wp-post-image\" alt=\"\" srcset=\"https:\/\/www.viladellops.com\/wp-content\/uploads\/2025\/12\/parker-91-480x480.png 480w, https:\/\/www.viladellops.com\/wp-content\/uploads\/2025\/12\/parker-91-300x300.png 300w, https:\/\/www.viladellops.com\/wp-content\/uploads\/2025\/12\/parker-91-100x100.png 100w, https:\/\/www.viladellops.com\/wp-content\/uploads\/2025\/12\/parker-91-600x600.png 600w, https:\/\/www.viladellops.com\/wp-content\/uploads\/2025\/12\/parker-91-986x986.png 986w, https:\/\/www.viladellops.com\/wp-content\/uploads\/2025\/12\/parker-91-150x150.png 150w, https:\/\/www.viladellops.com\/wp-content\/uploads\/2025\/12\/parker-91-768x768.png 768w, https:\/\/www.viladellops.com\/wp-content\/uploads\/2025\/12\/parker-91-380x380.png 380w, https:\/\/www.viladellops.com\/wp-content\/uploads\/2025\/12\/parker-91.png 1001w\" sizes=\"auto, (max-width: 480px) 100vw, 480px\" \/>\n        <div class=\"w-3\/4\">\n                            <h3 class=\"text-base font-semibold mb-2 line-clamp-2\">\n                    Puntuaci\u00f3 Parker 91 2015                <\/h3>\n            \n            <p class=\"text-sm\">Finca Viladellops Xarel\u00b7lo\nAnyada 2013<\/p>\n        <\/div>\n\n    <\/div>\n\n<\/article>\n<article class=\"swiper-slide px-6 py-4 rounded-md shadow-[0_0_20px_rgba(0,0,0,0.5)] bg-white post-2541 logro type-logro status-publish format-standard has-post-thumbnail hentry\">\n\n    <div class=\"w-full h-full flex gap-3\">\n\n        <img loading=\"lazy\" decoding=\"async\" width=\"395\" height=\"395\" src=\"https:\/\/www.viladellops.com\/wp-content\/uploads\/2025\/12\/silver-medal-grenaches-du-monde2.png\" class=\"w-1\/4 object-contain wp-post-image\" alt=\"\" srcset=\"https:\/\/www.viladellops.com\/wp-content\/uploads\/2025\/12\/silver-medal-grenaches-du-monde2.png 395w, https:\/\/www.viladellops.com\/wp-content\/uploads\/2025\/12\/silver-medal-grenaches-du-monde2-300x300.png 300w, https:\/\/www.viladellops.com\/wp-content\/uploads\/2025\/12\/silver-medal-grenaches-du-monde2-100x100.png 100w, https:\/\/www.viladellops.com\/wp-content\/uploads\/2025\/12\/silver-medal-grenaches-du-monde2-150x150.png 150w, https:\/\/www.viladellops.com\/wp-content\/uploads\/2025\/12\/silver-medal-grenaches-du-monde2-380x380.png 380w\" sizes=\"auto, (max-width: 395px) 100vw, 395px\" \/>\n        <div class=\"w-3\/4\">\n                            <h3 class=\"text-base font-semibold mb-2 line-clamp-2\">\n                    Medalla de plata Grenaches Du Monde 2015                <\/h3>\n            \n            <p class=\"text-sm\">Finca Viladellops Tinto\nAnyada 2011<\/p>\n        <\/div>\n\n    <\/div>\n\n<\/article>\n<article class=\"swiper-slide px-6 py-4 rounded-md shadow-[0_0_20px_rgba(0,0,0,0.5)] bg-white post-2555 logro type-logro status-publish format-standard has-post-thumbnail hentry\">\n\n    <div class=\"w-full h-full flex gap-3\">\n\n        <img loading=\"lazy\" decoding=\"async\" width=\"350\" height=\"351\" src=\"https:\/\/www.viladellops.com\/wp-content\/uploads\/2025\/12\/vinari-de-plata.png\" class=\"w-1\/4 object-contain wp-post-image\" alt=\"\" srcset=\"https:\/\/www.viladellops.com\/wp-content\/uploads\/2025\/12\/vinari-de-plata.png 350w, https:\/\/www.viladellops.com\/wp-content\/uploads\/2025\/12\/vinari-de-plata-300x301.png 300w, https:\/\/www.viladellops.com\/wp-content\/uploads\/2025\/12\/vinari-de-plata-100x100.png 100w, https:\/\/www.viladellops.com\/wp-content\/uploads\/2025\/12\/vinari-de-plata-150x150.png 150w\" sizes=\"auto, (max-width: 350px) 100vw, 350px\" \/>\n        <div class=\"w-3\/4\">\n                            <h3 class=\"text-base font-semibold mb-2 line-clamp-2\">\n                    Medalla de plata Vinari Awards 2014                <\/h3>\n            \n            <p class=\"text-sm\">Finca Viladellops Xarel\u00b7lo\nAnyada 2012<\/p>\n        <\/div>\n\n    <\/div>\n\n<\/article>\n<article class=\"swiper-slide px-6 py-4 rounded-md shadow-[0_0_20px_rgba(0,0,0,0.5)] bg-white post-2438 logro type-logro status-publish format-standard has-post-thumbnail hentry\">\n\n    <div class=\"w-full h-full flex gap-3\">\n\n        <img loading=\"lazy\" decoding=\"async\" width=\"217\" height=\"199\" src=\"https:\/\/www.viladellops.com\/wp-content\/uploads\/2025\/12\/hoja-grana-vinum-nature-e1676882744428.png\" class=\"w-1\/4 object-contain wp-post-image\" alt=\"\" \/>\n        <div class=\"w-3\/4\">\n                            <h3 class=\"text-base font-semibold mb-2 line-clamp-2\">\n                    Fulla Grana Vinum Nature 2014                <\/h3>\n            \n            <p class=\"text-sm\">Finca Viladellops Xarel\u00b7lo\nAnyada 2012<\/p>\n        <\/div>\n\n    <\/div>\n\n<\/article>\n<article class=\"swiper-slide px-6 py-4 rounded-md shadow-[0_0_20px_rgba(0,0,0,0.5)] bg-white post-2612 logro type-logro status-publish format-standard has-post-thumbnail hentry\">\n\n    <div class=\"w-full h-full flex gap-3\">\n\n        <img loading=\"lazy\" decoding=\"async\" width=\"300\" height=\"300\" src=\"https:\/\/www.viladellops.com\/wp-content\/uploads\/2025\/12\/parker-90.png\" class=\"w-1\/4 object-contain wp-post-image\" alt=\"\" srcset=\"https:\/\/www.viladellops.com\/wp-content\/uploads\/2025\/12\/parker-90.png 300w, https:\/\/www.viladellops.com\/wp-content\/uploads\/2025\/12\/parker-90-100x100.png 100w, https:\/\/www.viladellops.com\/wp-content\/uploads\/2025\/12\/parker-90-150x150.png 150w\" sizes=\"auto, (max-width: 300px) 100vw, 300px\" \/>\n        <div class=\"w-3\/4\">\n                            <h3 class=\"text-base font-semibold mb-2 line-clamp-2\">\n                    Puntuaci\u00f3 Parker 90 2014                <\/h3>\n            \n            <p class=\"text-sm\">Finca Viladellops Xarel\u00b7lo<\/p>\n        <\/div>\n\n    <\/div>\n\n<\/article>\n<article class=\"swiper-slide px-6 py-4 rounded-md shadow-[0_0_20px_rgba(0,0,0,0.5)] bg-white post-2458 logro type-logro status-publish format-standard has-post-thumbnail hentry\">\n\n    <div class=\"w-full h-full flex gap-3\">\n\n        <img loading=\"lazy\" decoding=\"async\" width=\"296\" height=\"300\" src=\"https:\/\/www.viladellops.com\/wp-content\/uploads\/2025\/12\/logo-tastavins.png\" class=\"w-1\/4 object-contain wp-post-image\" alt=\"\" srcset=\"https:\/\/www.viladellops.com\/wp-content\/uploads\/2025\/12\/logo-tastavins.png 296w, https:\/\/www.viladellops.com\/wp-content\/uploads\/2025\/12\/logo-tastavins-100x100.png 100w\" sizes=\"auto, (max-width: 296px) 100vw, 296px\" \/>\n        <div class=\"w-3\/4\">\n                            <h3 class=\"text-base font-semibold mb-2 line-clamp-2\">\n                    Medalla de bronze TastaVins 2012                <\/h3>\n            \n            <p class=\"text-sm\">Finca Viladellops Xarel\u00b7lo\nAnyada 2011<\/p>\n        <\/div>\n\n    <\/div>\n\n<\/article>\n<article class=\"swiper-slide px-6 py-4 rounded-md shadow-[0_0_20px_rgba(0,0,0,0.5)] bg-white post-2471 logro type-logro status-publish format-standard has-post-thumbnail hentry\">\n\n    <div class=\"w-full h-full flex gap-3\">\n\n        <img loading=\"lazy\" decoding=\"async\" width=\"296\" height=\"300\" src=\"https:\/\/www.viladellops.com\/wp-content\/uploads\/2025\/12\/logo-tastavins.png\" class=\"w-1\/4 object-contain wp-post-image\" alt=\"\" srcset=\"https:\/\/www.viladellops.com\/wp-content\/uploads\/2025\/12\/logo-tastavins.png 296w, https:\/\/www.viladellops.com\/wp-content\/uploads\/2025\/12\/logo-tastavins-100x100.png 100w\" sizes=\"auto, (max-width: 296px) 100vw, 296px\" \/>\n        <div class=\"w-3\/4\">\n                            <h3 class=\"text-base font-semibold mb-2 line-clamp-2\">\n                    Medalla de bronze TastaVins 2012                <\/h3>\n            \n            <p class=\"text-sm\">Finca Viladellops Negre\nAnyada 2009<\/p>\n        <\/div>\n\n    <\/div>\n\n<\/article>\n<article class=\"swiper-slide px-6 py-4 rounded-md shadow-[0_0_20px_rgba(0,0,0,0.5)] bg-white post-2532 logro type-logro status-publish format-standard has-post-thumbnail hentry\">\n\n    <div class=\"w-full h-full flex gap-3\">\n\n        <img loading=\"lazy\" decoding=\"async\" width=\"395\" height=\"395\" src=\"https:\/\/www.viladellops.com\/wp-content\/uploads\/2025\/12\/silver-medal-grenaches-du-monde2.png\" class=\"w-1\/4 object-contain wp-post-image\" alt=\"\" srcset=\"https:\/\/www.viladellops.com\/wp-content\/uploads\/2025\/12\/silver-medal-grenaches-du-monde2.png 395w, https:\/\/www.viladellops.com\/wp-content\/uploads\/2025\/12\/silver-medal-grenaches-du-monde2-300x300.png 300w, https:\/\/www.viladellops.com\/wp-content\/uploads\/2025\/12\/silver-medal-grenaches-du-monde2-100x100.png 100w, https:\/\/www.viladellops.com\/wp-content\/uploads\/2025\/12\/silver-medal-grenaches-du-monde2-150x150.png 150w, https:\/\/www.viladellops.com\/wp-content\/uploads\/2025\/12\/silver-medal-grenaches-du-monde2-380x380.png 380w\" sizes=\"auto, (max-width: 395px) 100vw, 395px\" \/>\n        <div class=\"w-3\/4\">\n                            <h3 class=\"text-base font-semibold mb-2 line-clamp-2\">\n                    Medalla de plata Grenaches Du Monde 2012                <\/h3>\n            \n            <p class=\"text-sm\">Finca Viladellops Negre\nAnyada 2009<\/p>\n        <\/div>\n\n    <\/div>\n\n<\/article>\n<article class=\"swiper-slide px-6 py-4 rounded-md shadow-[0_0_20px_rgba(0,0,0,0.5)] bg-white post-2626 logro type-logro status-publish format-standard has-post-thumbnail hentry\">\n\n    <div class=\"w-full h-full flex gap-3\">\n\n        <img loading=\"lazy\" decoding=\"async\" width=\"296\" height=\"300\" src=\"https:\/\/www.viladellops.com\/wp-content\/uploads\/2025\/12\/logo-tastavins.png\" class=\"w-1\/4 object-contain wp-post-image\" alt=\"\" srcset=\"https:\/\/www.viladellops.com\/wp-content\/uploads\/2025\/12\/logo-tastavins.png 296w, https:\/\/www.viladellops.com\/wp-content\/uploads\/2025\/12\/logo-tastavins-100x100.png 100w\" sizes=\"auto, (max-width: 296px) 100vw, 296px\" \/>\n        <div class=\"w-3\/4\">\n                            <h3 class=\"text-base font-semibold mb-2 line-clamp-2\">\n                    Medalla de plata Crianza TastaVins 2011                <\/h3>\n            \n            <p class=\"text-sm\">Finca Viladellops Tinto\nAnyada 2007<\/p>\n        <\/div>\n\n    <\/div>\n\n<\/article>\n<article class=\"swiper-slide px-6 py-4 rounded-md shadow-[0_0_20px_rgba(0,0,0,0.5)] bg-white post-2430 logro type-logro status-publish format-standard has-post-thumbnail hentry\">\n\n    <div class=\"w-full h-full flex gap-3\">\n\n        <img loading=\"lazy\" decoding=\"async\" width=\"220\" height=\"220\" src=\"https:\/\/www.viladellops.com\/wp-content\/uploads\/2025\/12\/bronze-decanter.png\" class=\"w-1\/4 object-contain wp-post-image\" alt=\"\" srcset=\"https:\/\/www.viladellops.com\/wp-content\/uploads\/2025\/12\/bronze-decanter.png 220w, https:\/\/www.viladellops.com\/wp-content\/uploads\/2025\/12\/bronze-decanter-100x100.png 100w, https:\/\/www.viladellops.com\/wp-content\/uploads\/2025\/12\/bronze-decanter-150x150.png 150w\" sizes=\"auto, (max-width: 220px) 100vw, 220px\" \/>\n        <div class=\"w-3\/4\">\n                            <h3 class=\"text-base font-semibold mb-2 line-clamp-2\">\n                    Decanter bronce 2011                <\/h3>\n            \n            <p class=\"text-sm\">Finca Viladellops Negre\nAnyada 2007<\/p>\n        <\/div>\n\n    <\/div>\n\n<\/article>\n<article class=\"swiper-slide px-6 py-4 rounded-md shadow-[0_0_20px_rgba(0,0,0,0.5)] bg-white post-2565 logro type-logro status-publish format-standard has-post-thumbnail hentry\">\n\n    <div class=\"w-full h-full flex gap-3\">\n\n        <img loading=\"lazy\" decoding=\"async\" width=\"480\" height=\"464\" src=\"https:\/\/www.viladellops.com\/wp-content\/uploads\/2025\/12\/millor-negre-guia-de-vins-de-catalunya-480x464.png\" class=\"w-1\/4 object-contain wp-post-image\" alt=\"\" srcset=\"https:\/\/www.viladellops.com\/wp-content\/uploads\/2025\/12\/millor-negre-guia-de-vins-de-catalunya-480x464.png 480w, https:\/\/www.viladellops.com\/wp-content\/uploads\/2025\/12\/millor-negre-guia-de-vins-de-catalunya-300x290.png 300w, https:\/\/www.viladellops.com\/wp-content\/uploads\/2025\/12\/millor-negre-guia-de-vins-de-catalunya-600x580.png 600w, https:\/\/www.viladellops.com\/wp-content\/uploads\/2025\/12\/millor-negre-guia-de-vins-de-catalunya-768x742.png 768w, https:\/\/www.viladellops.com\/wp-content\/uploads\/2025\/12\/millor-negre-guia-de-vins-de-catalunya-380x367.png 380w, https:\/\/www.viladellops.com\/wp-content\/uploads\/2025\/12\/millor-negre-guia-de-vins-de-catalunya.png 828w\" sizes=\"auto, (max-width: 480px) 100vw, 480px\" \/>\n        <div class=\"w-3\/4\">\n                            <h3 class=\"text-base font-semibold mb-2 line-clamp-2\">\n                    Millor Negre Pened\u00e8s Guia de Vins de Catalunya 2010                <\/h3>\n            \n            <p class=\"text-sm\">Finca Viladellops Negre\nAnyada 2006<\/p>\n        <\/div>\n\n    <\/div>\n\n<\/article>\n<article class=\"swiper-slide px-6 py-4 rounded-md shadow-[0_0_20px_rgba(0,0,0,0.5)] bg-white post-2648 logro type-logro status-publish format-standard has-post-thumbnail hentry\">\n\n    <div class=\"w-full h-full flex gap-3\">\n\n        <img loading=\"lazy\" decoding=\"async\" width=\"416\" height=\"372\" src=\"https:\/\/www.viladellops.com\/wp-content\/uploads\/2025\/12\/medalla-or-blancarecurso-13x-1.png\" class=\"w-1\/4 object-contain wp-post-image\" alt=\"\" srcset=\"https:\/\/www.viladellops.com\/wp-content\/uploads\/2025\/12\/medalla-or-blancarecurso-13x-1.png 416w, https:\/\/www.viladellops.com\/wp-content\/uploads\/2025\/12\/medalla-or-blancarecurso-13x-1-380x340.png 380w, https:\/\/www.viladellops.com\/wp-content\/uploads\/2025\/12\/medalla-or-blancarecurso-13x-1-300x268.png 300w\" sizes=\"auto, (max-width: 416px) 100vw, 416px\" \/>\n        <div class=\"w-3\/4\">\n                            <h3 class=\"text-base font-semibold mb-2 line-clamp-2\">\n                    Circell de Plata Circells 2009                <\/h3>\n            \n            <p class=\"text-sm\">Finca Viladellops Red\nAnyada 2005<\/p>\n        <\/div>\n\n    <\/div>\n\n<\/article>\n<article class=\"swiper-slide px-6 py-4 rounded-md shadow-[0_0_20px_rgba(0,0,0,0.5)] bg-white post-2421 logro type-logro status-publish format-standard has-post-thumbnail hentry\">\n\n    <div class=\"w-full h-full flex gap-3\">\n\n        <img loading=\"lazy\" decoding=\"async\" width=\"220\" height=\"220\" src=\"https:\/\/www.viladellops.com\/wp-content\/uploads\/2025\/12\/bronze-decanter.png\" class=\"w-1\/4 object-contain wp-post-image\" alt=\"\" srcset=\"https:\/\/www.viladellops.com\/wp-content\/uploads\/2025\/12\/bronze-decanter.png 220w, https:\/\/www.viladellops.com\/wp-content\/uploads\/2025\/12\/bronze-decanter-100x100.png 100w, https:\/\/www.viladellops.com\/wp-content\/uploads\/2025\/12\/bronze-decanter-150x150.png 150w\" sizes=\"auto, (max-width: 220px) 100vw, 220px\" \/>\n        <div class=\"w-3\/4\">\n                            <h3 class=\"text-base font-semibold mb-2 line-clamp-2\">\n                    Decanter Bronze 2009                <\/h3>\n            \n            <p class=\"text-sm\">Finca Viladellops Xarel\u00b7lo\nAnyada 2007<\/p>\n        <\/div>\n\n    <\/div>\n\n<\/article>\n<article class=\"swiper-slide px-6 py-4 rounded-md shadow-[0_0_20px_rgba(0,0,0,0.5)] bg-white post-2581 logro type-logro status-publish format-standard has-post-thumbnail hentry\">\n\n    <div class=\"w-full h-full flex gap-3\">\n\n        <img loading=\"lazy\" decoding=\"async\" width=\"250\" height=\"250\" src=\"https:\/\/www.viladellops.com\/wp-content\/uploads\/2025\/12\/2006-commended-decanter.png\" class=\"w-1\/4 object-contain wp-post-image\" alt=\"\" srcset=\"https:\/\/www.viladellops.com\/wp-content\/uploads\/2025\/12\/2006-commended-decanter.png 250w, https:\/\/www.viladellops.com\/wp-content\/uploads\/2025\/12\/2006-commended-decanter-100x100.png 100w, https:\/\/www.viladellops.com\/wp-content\/uploads\/2025\/12\/2006-commended-decanter-150x150.png 150w\" sizes=\"auto, (max-width: 250px) 100vw, 250px\" \/>\n        <div class=\"w-3\/4\">\n                            <h3 class=\"text-base font-semibold mb-2 line-clamp-2\">\n                    Premis Decanter 2008                <\/h3>\n            \n            <p class=\"text-sm\">Finca Viladellops Xarel\u00b7lo\nAnyada 2006<\/p>\n        <\/div>\n\n    <\/div>\n\n<\/article>\n<article class=\"swiper-slide px-6 py-4 rounded-md shadow-[0_0_20px_rgba(0,0,0,0.5)] bg-white post-2393 logro type-logro status-publish format-standard has-post-thumbnail hentry\">\n\n    <div class=\"w-full h-full flex gap-3\">\n\n        <img loading=\"lazy\" decoding=\"async\" width=\"349\" height=\"350\" src=\"https:\/\/www.viladellops.com\/wp-content\/uploads\/2025\/12\/bacchus-plata-2021.png\" class=\"w-1\/4 object-contain wp-post-image\" alt=\"\" srcset=\"https:\/\/www.viladellops.com\/wp-content\/uploads\/2025\/12\/bacchus-plata-2021.png 349w, https:\/\/www.viladellops.com\/wp-content\/uploads\/2025\/12\/bacchus-plata-2021-300x301.png 300w, https:\/\/www.viladellops.com\/wp-content\/uploads\/2025\/12\/bacchus-plata-2021-100x100.png 100w, https:\/\/www.viladellops.com\/wp-content\/uploads\/2025\/12\/bacchus-plata-2021-150x150.png 150w\" sizes=\"auto, (max-width: 349px) 100vw, 349px\" \/>\n        <div class=\"w-3\/4\">\n                            <h3 class=\"text-base font-semibold mb-2 line-clamp-2\">\n                    Bacchus Plata 2008                <\/h3>\n            \n            <p class=\"text-sm\">Finca Viladellops Negre\nAnyada 2005<\/p>\n        <\/div>\n\n    <\/div>\n\n<\/article>\n<article class=\"swiper-slide px-6 py-4 rounded-md shadow-[0_0_20px_rgba(0,0,0,0.5)] bg-white post-2592 logro type-logro status-publish format-standard has-post-thumbnail hentry\">\n\n    <div class=\"w-full h-full flex gap-3\">\n\n        <img loading=\"lazy\" decoding=\"async\" width=\"250\" height=\"250\" src=\"https:\/\/www.viladellops.com\/wp-content\/uploads\/2025\/12\/2006-commended-decanter.png\" class=\"w-1\/4 object-contain wp-post-image\" alt=\"\" srcset=\"https:\/\/www.viladellops.com\/wp-content\/uploads\/2025\/12\/2006-commended-decanter.png 250w, https:\/\/www.viladellops.com\/wp-content\/uploads\/2025\/12\/2006-commended-decanter-100x100.png 100w, https:\/\/www.viladellops.com\/wp-content\/uploads\/2025\/12\/2006-commended-decanter-150x150.png 150w\" sizes=\"auto, (max-width: 250px) 100vw, 250px\" \/>\n        <div class=\"w-3\/4\">\n                            <h3 class=\"text-base font-semibold mb-2 line-clamp-2\">\n                    Premis Decanter 2008                <\/h3>\n            \n            <p class=\"text-sm\">Finca Viladellops Negre\nAnyada 2005<\/p>\n        <\/div>\n\n    <\/div>\n\n<\/article>\n<article class=\"swiper-slide px-6 py-4 rounded-md shadow-[0_0_20px_rgba(0,0,0,0.5)] bg-white post-2411 logro type-logro status-publish format-standard has-post-thumbnail hentry\">\n\n    <div class=\"w-full h-full flex gap-3\">\n\n        <img loading=\"lazy\" decoding=\"async\" width=\"349\" height=\"350\" src=\"https:\/\/www.viladellops.com\/wp-content\/uploads\/2025\/12\/bacchus-plata-2021.png\" class=\"w-1\/4 object-contain wp-post-image\" alt=\"\" srcset=\"https:\/\/www.viladellops.com\/wp-content\/uploads\/2025\/12\/bacchus-plata-2021.png 349w, https:\/\/www.viladellops.com\/wp-content\/uploads\/2025\/12\/bacchus-plata-2021-300x301.png 300w, https:\/\/www.viladellops.com\/wp-content\/uploads\/2025\/12\/bacchus-plata-2021-100x100.png 100w, https:\/\/www.viladellops.com\/wp-content\/uploads\/2025\/12\/bacchus-plata-2021-150x150.png 150w\" sizes=\"auto, (max-width: 349px) 100vw, 349px\" \/>\n        <div class=\"w-3\/4\">\n                            <h3 class=\"text-base font-semibold mb-2 line-clamp-2\">\n                    Bacchus Plata 2008                <\/h3>\n            \n            <p class=\"text-sm\">Finca Viladellops Negre\nAnyada 2006<\/p>\n        <\/div>\n\n    <\/div>\n\n<\/article>\n<article class=\"swiper-slide px-6 py-4 rounded-md shadow-[0_0_20px_rgba(0,0,0,0.5)] bg-white post-2487 logro type-logro status-publish format-standard has-post-thumbnail hentry\">\n\n    <div class=\"w-full h-full flex gap-3\">\n\n        <img loading=\"lazy\" decoding=\"async\" width=\"296\" height=\"300\" src=\"https:\/\/www.viladellops.com\/wp-content\/uploads\/2025\/12\/logo-tastavins.png\" class=\"w-1\/4 object-contain wp-post-image\" alt=\"\" srcset=\"https:\/\/www.viladellops.com\/wp-content\/uploads\/2025\/12\/logo-tastavins.png 296w, https:\/\/www.viladellops.com\/wp-content\/uploads\/2025\/12\/logo-tastavins-100x100.png 100w\" sizes=\"auto, (max-width: 296px) 100vw, 296px\" \/>\n        <div class=\"w-3\/4\">\n                            <h3 class=\"text-base font-semibold mb-2 line-clamp-2\">\n                    Medalla de bronze Acad\u00e8mia TastaVins 2006                <\/h3>\n            \n            <p class=\"text-sm\">Finca Viladellops Xarel\u00b7lo\nAnyada 2005<\/p>\n        <\/div>\n\n    <\/div>\n\n<\/article>\n<article class=\"swiper-slide px-6 py-4 rounded-md shadow-[0_0_20px_rgba(0,0,0,0.5)] bg-white post-2479 logro type-logro status-publish format-standard has-post-thumbnail hentry\">\n\n    <div class=\"w-full h-full flex gap-3\">\n\n        <img loading=\"lazy\" decoding=\"async\" width=\"296\" height=\"300\" src=\"https:\/\/www.viladellops.com\/wp-content\/uploads\/2025\/12\/logo-tastavins.png\" class=\"w-1\/4 object-contain wp-post-image\" alt=\"\" srcset=\"https:\/\/www.viladellops.com\/wp-content\/uploads\/2025\/12\/logo-tastavins.png 296w, https:\/\/www.viladellops.com\/wp-content\/uploads\/2025\/12\/logo-tastavins-100x100.png 100w\" sizes=\"auto, (max-width: 296px) 100vw, 296px\" \/>\n        <div class=\"w-3\/4\">\n                            <h3 class=\"text-base font-semibold mb-2 line-clamp-2\">\n                    Medalla de bronze Acad\u00e8mia TastaVins 2005                <\/h3>\n            \n            <p class=\"text-sm\">Finca Viladellops Negre\nAnyada 2003<\/p>\n        <\/div>\n\n    <\/div>\n\n<\/article>                                            <\/div>\n                                        \n            \n            \n\n        <\/div>\n\n<\/section>","protected":false},"excerpt":{"rendered":"","protected":false},"author":584,"featured_media":2084,"parent":0,"menu_order":0,"comment_status":"closed","ping_status":"closed","template":"","meta":{"_acf_changed":false,"footnotes":""},"class_list":["post-1227","page","type-page","status-publish","has-post-thumbnail","hentry"],"acf":[],"_links":{"self":[{"href":"https:\/\/www.viladellops.com\/ca\/wp-json\/wp\/v2\/pages\/1227","targetHints":{"allow":["GET"]}}],"collection":[{"href":"https:\/\/www.viladellops.com\/ca\/wp-json\/wp\/v2\/pages"}],"about":[{"href":"https:\/\/www.viladellops.com\/ca\/wp-json\/wp\/v2\/types\/page"}],"author":[{"embeddable":true,"href":"https:\/\/www.viladellops.com\/ca\/wp-json\/wp\/v2\/users\/584"}],"replies":[{"embeddable":true,"href":"https:\/\/www.viladellops.com\/ca\/wp-json\/wp\/v2\/comments?post=1227"}],"version-history":[{"count":10,"href":"https:\/\/www.viladellops.com\/ca\/wp-json\/wp\/v2\/pages\/1227\/revisions"}],"predecessor-version":[{"id":3425,"href":"https:\/\/www.viladellops.com\/ca\/wp-json\/wp\/v2\/pages\/1227\/revisions\/3425"}],"wp:featuredmedia":[{"embeddable":true,"href":"https:\/\/www.viladellops.com\/ca\/wp-json\/wp\/v2\/media\/2084"}],"wp:attachment":[{"href":"https:\/\/www.viladellops.com\/ca\/wp-json\/wp\/v2\/media?parent=1227"}],"curies":[{"name":"wp","href":"https:\/\/api.w.org\/{rel}","templated":true}]}}