{"id":2708,"date":"2025-12-29T19:30:49","date_gmt":"2025-12-29T18:30:49","guid":{"rendered":"https:\/\/www.viladellops.com\/the-viladellops-canteen\/"},"modified":"2026-01-08T16:46:27","modified_gmt":"2026-01-08T15:46:27","slug":"la-cantina-viladellops","status":"publish","type":"page","link":"https:\/\/www.viladellops.com\/ca\/la-cantina-viladellops\/","title":{"rendered":"La Cantina Viladellops"},"content":{"rendered":"\n    <div  class=\"h-[600px] dm-block block-mainslider alignfull\">\n        <div class=\"js-mainslider h-full swiper relative overflow-hidden\" data-count=\"1\">\n            <div class=\"swiper-wrapper\">\n                                    <li\n                        class=\"mainslider__item relative swiper-slide\"\n                                                                                            >\n                        <div class=\"mainslider__content relative z-10 h-full max-h-screen p-4 lg:p-12 flex flex-col gap-1 justify-center lg:justify-center lg:text-center\">\n                                                                                        <h1 class=\"mainslider__title m-0 text-white text-2xl lg:text-5xl\">\n                                    La Cantina Viladellops                                <\/h1>\n                                                                                    \n                        <\/div>\n                        \n                                                                            <picture>\n                                <source media=\"(max-width: 600px)\" srcset=\"\">\n                                <source media=\"(min-width: 1024px)\" srcset=\"https:\/\/www.viladellops.com\/wp-content\/uploads\/2025\/12\/restaurante-la-cantina-de-viladellops.webp\">\n                                <img decoding=\"async\" src=\"https:\/\/www.viladellops.com\/wp-content\/uploads\/2025\/12\/restaurante-la-cantina-de-viladellops.webp\" data-src=\"https:\/\/www.viladellops.com\/wp-content\/uploads\/2025\/12\/restaurante-la-cantina-de-viladellops.webp\" class=\"w-full h-full absolute object-cover object-right lg:object-top inset-0 z-0 brightness-50 \" alt=\"\" loading=\"eager\" fetchpriority=\"high\">\n                            <\/picture>\n                                            <\/li>\n                                <\/ul>\n            <\/div>\n            <div class=\"swiper-pagination\"><\/div>\n        <\/div>\n\n    <\/div>\n\n\n\n<section  class=\"dm-block paragraphs text-center \"> <!-- section -->\n\n\t<div class=\"\"> <!-- if is a full width section, apply container -->\n\n\t\t\t\t\t<h2 class=\"mb-2 text-2xl\">La Cantina, un restaurant a la Finca Viladellops<\/h2>\t\t\n\t\t\n\t\t\t\t\t<div class=\"grid mt-8 \">\n\t\t\t\t\t\t\t\t<div>\n\t\t\t\t\t\t\t\t\t\t\t<p style=\"text-align: center;\">Els germans Alonso s\u00f3n els responsables de la cuina de la\u00a0<strong>Cantina Viladellops<\/strong>\u00a0i han arribat per a imprimir el seu segell d\u2019<strong>excel\u00b7l\u00e8ncia i qualitat<\/strong>, per a brindar als seus clients experi\u00e8ncies \u00faniques, a partir de l\u2019\u00e0mplia oferta d\u2019activitats enoculturals que ofereix Finca Viladellops.<\/p>\n<p style=\"text-align: center;\">Un enclavament \u00fanic entre vinyes i hist\u00f2ria a Finca de Viladellops, s\u00f3n la base d\u2019aquest projecte gastron\u00f2mic que conjuga\u00a0<strong>alta gastronomia<\/strong>\u00a0amb els millors productes de la zona i els\u00a0<strong>vins de Finca de Viladellops<\/strong>.<\/p>\n\t\t\t\t\t\t\t\t\t<\/div>\n\t\t\t\t\t\t\t<\/div>\n\t\t\n\t<\/div>\n\n<\/section>\n\n\n<h3 class=\"wp-block-heading has-text-align-center\">Acaba la visita amb el millor maridatge: la gastronomia de La Cantina Viladellops.<\/h3>\n\n\n\n\n\n\n<section  class=\"dm-block block-post-type-list grid-layout\">\n\n        <div class=\"\">\n            <div class=\"mb-6\">\n                \n                <h2 class=\"mb-0 mt-4 text-3xl text-left\">Descobreix les millors experi\u00e8ncies enotur\u00edstiques<\/h2>                                            <\/div>\n\n                                                        <div class=\"grid gap-baseGap md:grid-cols-2 xl:grid-cols-4\">\n                                                                                \n<article class=\"swiper-slide w-full h-full card card-activity post-1278 actividad type-actividad status-publish format-standard has-post-thumbnail hentry\">\n\n        <a\n            href=\"https:\/\/www.viladellops.com\/ca\/activitat\/tast-de-vins-entre-vinyes-barcelona\/\"\n            title=\"Tast de vins \u201cPremium\u201d entre vinyes\"\n            class=\"block aspect-4\/3 flex-grow-0 overflow-hidden w-full\">\n\n            <img loading=\"lazy\" decoding=\"async\" width=\"480\" height=\"320\" src=\"https:\/\/www.viladellops.com\/wp-content\/uploads\/2025\/12\/viladellops-wine-tours-history-480x320.webp\" class=\"object-cover object-center w-full h-full wp-post-image\" alt=\"\" srcset=\"https:\/\/www.viladellops.com\/wp-content\/uploads\/2025\/12\/viladellops-wine-tours-history-480x320.webp 480w, https:\/\/www.viladellops.com\/wp-content\/uploads\/2025\/12\/viladellops-wine-tours-history-300x200.webp 300w, https:\/\/www.viladellops.com\/wp-content\/uploads\/2025\/12\/viladellops-wine-tours-history-380x253.webp 380w, https:\/\/www.viladellops.com\/wp-content\/uploads\/2025\/12\/viladellops-wine-tours-history.webp 600w\" sizes=\"auto, (max-width: 480px) 100vw, 480px\" \/>\n        <\/a>\n\n        <div class=\"card-content flex-1\">\n\n                                    <a href=\"https:\/\/www.viladellops.com\/ca\/activitat\/tast-de-vins-entre-vinyes-barcelona\/\" title=\"Tast de vins \u201cPremium\u201d entre vinyes\">\n                            Tast de vins \u201cPremium\u201d entre vinyes                        <\/a>\n                    \n                            <span class=\"activity-price text-lg\">45 \u20ac<\/span>\n            \n            \n            <p class=\"card-excerpt text-center\">\n                Tast de 5 vins premium entre vinyes\n            <\/p>\n\n            \n            <a href=\"https:\/\/www.viladellops.com\/ca\/activitat\/tast-de-vins-entre-vinyes-barcelona\/\" class=\"button-primary\">\n                Reservar ara            <\/a>\n\n        <\/div>\n\n<\/article>\n<article class=\"swiper-slide w-full h-full card card-activity post-1295 actividad type-actividad status-publish format-standard has-post-thumbnail hentry\">\n\n        <a\n            href=\"https:\/\/www.viladellops.com\/ca\/activitat\/alquimia-del-vi\/\"\n            title=\"L\u2019Alqu\u00edmia del vi\"\n            class=\"block aspect-4\/3 flex-grow-0 overflow-hidden w-full\">\n\n            <img loading=\"lazy\" decoding=\"async\" width=\"480\" height=\"320\" src=\"https:\/\/www.viladellops.com\/wp-content\/uploads\/2025\/12\/galeria-dimatges-finca-viladellops-59-480x320.webp\" class=\"object-cover object-center w-full h-full wp-post-image\" alt=\"\" srcset=\"https:\/\/www.viladellops.com\/wp-content\/uploads\/2025\/12\/galeria-dimatges-finca-viladellops-59-480x320.webp 480w, https:\/\/www.viladellops.com\/wp-content\/uploads\/2025\/12\/galeria-dimatges-finca-viladellops-59-scaled-300x200.webp 300w, https:\/\/www.viladellops.com\/wp-content\/uploads\/2025\/12\/galeria-dimatges-finca-viladellops-59-scaled-600x400.webp 600w, https:\/\/www.viladellops.com\/wp-content\/uploads\/2025\/12\/galeria-dimatges-finca-viladellops-59-986x658.webp 986w, https:\/\/www.viladellops.com\/wp-content\/uploads\/2025\/12\/galeria-dimatges-finca-viladellops-59-768x512.webp 768w, https:\/\/www.viladellops.com\/wp-content\/uploads\/2025\/12\/galeria-dimatges-finca-viladellops-59-1536x1025.webp 1536w, https:\/\/www.viladellops.com\/wp-content\/uploads\/2025\/12\/galeria-dimatges-finca-viladellops-59-2048x1366.webp 2048w, https:\/\/www.viladellops.com\/wp-content\/uploads\/2025\/12\/galeria-dimatges-finca-viladellops-59-380x253.webp 380w\" sizes=\"auto, (max-width: 480px) 100vw, 480px\" \/>\n        <\/a>\n\n        <div class=\"card-content flex-1\">\n\n                                    <a href=\"https:\/\/www.viladellops.com\/ca\/activitat\/alquimia-del-vi\/\" title=\"L\u2019Alqu\u00edmia del vi\">\n                            L\u2019Alqu\u00edmia del vi                        <\/a>\n                    \n                            <span class=\"activity-price text-lg\">65 \u20ac<\/span>\n            \n            \n            <p class=\"card-excerpt text-center\">\n                Activitat team building per a grups de m\u00ednim 12 persones.            <\/p>\n\n            \n            <a href=\"https:\/\/www.viladellops.com\/ca\/activitat\/alquimia-del-vi\/\" class=\"button-primary\">\n                Reservar ara            <\/a>\n\n        <\/div>\n\n<\/article>\n<article class=\"swiper-slide w-full h-full card card-activity post-1289 actividad type-actividad status-publish format-standard has-post-thumbnail hentry\">\n\n        <a\n            href=\"https:\/\/www.viladellops.com\/ca\/activitat\/visita-cultural-historia-i-vi\/\"\n            title=\"Hist\u00f2ria i vi\"\n            class=\"block aspect-4\/3 flex-grow-0 overflow-hidden w-full\">\n\n            <img loading=\"lazy\" decoding=\"async\" width=\"480\" height=\"320\" src=\"https:\/\/www.viladellops.com\/wp-content\/uploads\/2025\/12\/fina-viladellops-wine-tours-tourisme-cultural-visit-history-and-wine-480x320.webp\" class=\"object-cover object-center w-full h-full wp-post-image\" alt=\"\" srcset=\"https:\/\/www.viladellops.com\/wp-content\/uploads\/2025\/12\/fina-viladellops-wine-tours-tourisme-cultural-visit-history-and-wine-480x320.webp 480w, https:\/\/www.viladellops.com\/wp-content\/uploads\/2025\/12\/fina-viladellops-wine-tours-tourisme-cultural-visit-history-and-wine-300x200.webp 300w, https:\/\/www.viladellops.com\/wp-content\/uploads\/2025\/12\/fina-viladellops-wine-tours-tourisme-cultural-visit-history-and-wine-600x400.webp 600w, https:\/\/www.viladellops.com\/wp-content\/uploads\/2025\/12\/fina-viladellops-wine-tours-tourisme-cultural-visit-history-and-wine-986x658.webp 986w, https:\/\/www.viladellops.com\/wp-content\/uploads\/2025\/12\/fina-viladellops-wine-tours-tourisme-cultural-visit-history-and-wine-768x512.webp 768w, https:\/\/www.viladellops.com\/wp-content\/uploads\/2025\/12\/fina-viladellops-wine-tours-tourisme-cultural-visit-history-and-wine-1536x1025.webp 1536w, https:\/\/www.viladellops.com\/wp-content\/uploads\/2025\/12\/fina-viladellops-wine-tours-tourisme-cultural-visit-history-and-wine-380x254.webp 380w, https:\/\/www.viladellops.com\/wp-content\/uploads\/2025\/12\/fina-viladellops-wine-tours-tourisme-cultural-visit-history-and-wine.webp 1920w\" sizes=\"auto, (max-width: 480px) 100vw, 480px\" \/>\n        <\/a>\n\n        <div class=\"card-content flex-1\">\n\n                                    <a href=\"https:\/\/www.viladellops.com\/ca\/activitat\/visita-cultural-historia-i-vi\/\" title=\"Hist\u00f2ria i vi\">\n                            Hist\u00f2ria i vi                        <\/a>\n                    \n                            <span class=\"activity-price text-lg\">38 \u20ac<\/span>\n            \n            \n            <p class=\"card-excerpt text-center\">\n                Visita hist\u00f2rica + degustaci\u00f3 de 3 vins \u201cpremium\u201d.            <\/p>\n\n            \n            <a href=\"https:\/\/www.viladellops.com\/ca\/activitat\/visita-cultural-historia-i-vi\/\" class=\"button-primary\">\n                Reservar ara            <\/a>\n\n        <\/div>\n\n<\/article>\n<article class=\"swiper-slide w-full h-full card card-activity post-1302 actividad type-actividad status-publish format-standard has-post-thumbnail hentry\">\n\n        <a\n            href=\"https:\/\/www.viladellops.com\/ca\/activitat\/safari-entre-vinyes-en-4x4\/\"\n            title=\"Safari a la vinya en 4\u00d74\"\n            class=\"block aspect-4\/3 flex-grow-0 overflow-hidden w-full\">\n\n            <img loading=\"lazy\" decoding=\"async\" width=\"480\" height=\"320\" src=\"https:\/\/www.viladellops.com\/wp-content\/uploads\/2025\/12\/galeria-dimatges-finca-viladellops-4x4-1-480x320.webp\" class=\"object-cover object-center w-full h-full wp-post-image\" alt=\"\" srcset=\"https:\/\/www.viladellops.com\/wp-content\/uploads\/2025\/12\/galeria-dimatges-finca-viladellops-4x4-1-480x320.webp 480w, https:\/\/www.viladellops.com\/wp-content\/uploads\/2025\/12\/galeria-dimatges-finca-viladellops-4x4-1-300x200.webp 300w, https:\/\/www.viladellops.com\/wp-content\/uploads\/2025\/12\/galeria-dimatges-finca-viladellops-4x4-1-600x400.webp 600w, https:\/\/www.viladellops.com\/wp-content\/uploads\/2025\/12\/galeria-dimatges-finca-viladellops-4x4-1-986x657.webp 986w, https:\/\/www.viladellops.com\/wp-content\/uploads\/2025\/12\/galeria-dimatges-finca-viladellops-4x4-1-768x512.webp 768w, https:\/\/www.viladellops.com\/wp-content\/uploads\/2025\/12\/galeria-dimatges-finca-viladellops-4x4-1-380x253.webp 380w, https:\/\/www.viladellops.com\/wp-content\/uploads\/2025\/12\/galeria-dimatges-finca-viladellops-4x4-1.webp 1536w\" sizes=\"auto, (max-width: 480px) 100vw, 480px\" \/>\n        <\/a>\n\n        <div class=\"card-content flex-1\">\n\n                                    <a href=\"https:\/\/www.viladellops.com\/ca\/activitat\/safari-entre-vinyes-en-4x4\/\" title=\"Safari a la vinya en 4\u00d74\">\n                            Safari a la vinya en 4\u00d74                        <\/a>\n                    \n                            <span class=\"activity-price text-lg\">310 \u20ac<\/span>\n            \n            \n            <p class=\"card-excerpt text-center\">\n                Visita en 4\u00d74 i tast de vins. Preu per cotxe.\n\n            <\/p>\n\n            \n            <a href=\"https:\/\/www.viladellops.com\/ca\/activitat\/safari-entre-vinyes-en-4x4\/\" class=\"button-primary\">\n                Reservar ara            <\/a>\n\n        <\/div>\n\n<\/article>\n<article class=\"swiper-slide w-full h-full card card-activity post-1271 actividad type-actividad status-publish format-standard has-post-thumbnail hentry\">\n\n        <a\n            href=\"https:\/\/www.viladellops.com\/ca\/activitat\/tast-de-vins-barcelona-premium\/\"\n            title=\"Tast de vins \u201cPremium\u201d\"\n            class=\"block aspect-4\/3 flex-grow-0 overflow-hidden w-full\">\n\n            <img loading=\"lazy\" decoding=\"async\" width=\"480\" height=\"320\" src=\"https:\/\/www.viladellops.com\/wp-content\/uploads\/2025\/12\/galeria-dimatges-finca-viladellops-56-480x320.webp\" class=\"object-cover object-center w-full h-full wp-post-image\" alt=\"\" srcset=\"https:\/\/www.viladellops.com\/wp-content\/uploads\/2025\/12\/galeria-dimatges-finca-viladellops-56-480x320.webp 480w, https:\/\/www.viladellops.com\/wp-content\/uploads\/2025\/12\/galeria-dimatges-finca-viladellops-56-scaled-300x200.webp 300w, https:\/\/www.viladellops.com\/wp-content\/uploads\/2025\/12\/galeria-dimatges-finca-viladellops-56-scaled-600x400.webp 600w, https:\/\/www.viladellops.com\/wp-content\/uploads\/2025\/12\/galeria-dimatges-finca-viladellops-56-986x657.webp 986w, https:\/\/www.viladellops.com\/wp-content\/uploads\/2025\/12\/galeria-dimatges-finca-viladellops-56-768x512.webp 768w, https:\/\/www.viladellops.com\/wp-content\/uploads\/2025\/12\/galeria-dimatges-finca-viladellops-56-1536x1024.webp 1536w, https:\/\/www.viladellops.com\/wp-content\/uploads\/2025\/12\/galeria-dimatges-finca-viladellops-56-2048x1365.webp 2048w, https:\/\/www.viladellops.com\/wp-content\/uploads\/2025\/12\/galeria-dimatges-finca-viladellops-56-380x253.webp 380w\" sizes=\"auto, (max-width: 480px) 100vw, 480px\" \/>\n        <\/a>\n\n        <div class=\"card-content flex-1\">\n\n                                    <a href=\"https:\/\/www.viladellops.com\/ca\/activitat\/tast-de-vins-barcelona-premium\/\" title=\"Tast de vins \u201cPremium\u201d\">\n                            Tast de vins \u201cPremium\u201d                        <\/a>\n                    \n                            <span class=\"activity-price text-lg\">42 \u20ac<\/span>\n            \n            \n            <p class=\"card-excerpt text-center\">\n                Tast de 5 vins \u201cpremium\u201d a la Finca Viladellops            <\/p>\n\n            \n            <a href=\"https:\/\/www.viladellops.com\/ca\/activitat\/tast-de-vins-barcelona-premium\/\" class=\"button-primary\">\n                Reservar ara            <\/a>\n\n        <\/div>\n\n<\/article>\n<article class=\"swiper-slide w-full h-full card card-activity post-1308 actividad type-actividad status-publish format-standard has-post-thumbnail hentry\">\n\n        <a\n            href=\"https:\/\/www.viladellops.com\/ca\/activitat\/visita-finca-viladellops-eco-tour\/\"\n            title=\"Visita Finca Viladellops (Eco-Tour)\"\n            class=\"block aspect-4\/3 flex-grow-0 overflow-hidden w-full\">\n\n            <img loading=\"lazy\" decoding=\"async\" width=\"480\" height=\"320\" src=\"https:\/\/www.viladellops.com\/wp-content\/uploads\/2025\/12\/finca-viladellops-winevillage-wine-tourism-discover-12-480x320.webp\" class=\"object-cover object-center w-full h-full wp-post-image\" alt=\"\" srcset=\"https:\/\/www.viladellops.com\/wp-content\/uploads\/2025\/12\/finca-viladellops-winevillage-wine-tourism-discover-12-480x320.webp 480w, https:\/\/www.viladellops.com\/wp-content\/uploads\/2025\/12\/finca-viladellops-winevillage-wine-tourism-discover-12-300x200.webp 300w, https:\/\/www.viladellops.com\/wp-content\/uploads\/2025\/12\/finca-viladellops-winevillage-wine-tourism-discover-12-380x253.webp 380w, https:\/\/www.viladellops.com\/wp-content\/uploads\/2025\/12\/finca-viladellops-winevillage-wine-tourism-discover-12.webp 600w\" sizes=\"auto, (max-width: 480px) 100vw, 480px\" \/>\n        <\/a>\n\n        <div class=\"card-content flex-1\">\n\n                                    <a href=\"https:\/\/www.viladellops.com\/ca\/activitat\/visita-finca-viladellops-eco-tour\/\" title=\"Visita Finca Viladellops (Eco-Tour)\">\n                            Visita Finca Viladellops (Eco-Tour)                        <\/a>\n                    \n                            <span class=\"activity-price text-lg\">38 \u20ac<\/span>\n            \n            \n            <p class=\"card-excerpt text-center\">\n                Visita + degustaci\u00f3 de 3 vins \u201cpremium\u201d            <\/p>\n\n            \n            <a href=\"https:\/\/www.viladellops.com\/ca\/activitat\/visita-finca-viladellops-eco-tour\/\" class=\"button-primary\">\n                Reservar ara            <\/a>\n\n        <\/div>\n\n<\/article>                                            <\/div>\n                                        \n            \n            \n\n        <\/div>\n\n<\/section>\n\n<section  class=\"dm-block gallery alignfull \"> <!-- section -->\n\n    <div class=\"px-4\"> <!-- if is a full width section, apply container -->\n\n\t\t\t\t\t\t<div class=\"dm-gallery-wrapper list-layout xl:flex gap-2\">\n\t\t\t\t\t\t\t\t\t\t\t<div class=\"gallery-item\">\n\t\t\t\t\t\t\t<a href=\"https:\/\/www.viladellops.com\/wp-content\/uploads\/2025\/12\/cantina-viladellops.webp\" data-fancybox=\"gallery_69f273234907f\">\n\t\t\t\t\t\t\t\t<img decoding=\"async\" class=\"gallery-image\" src=\"https:\/\/www.viladellops.com\/wp-content\/uploads\/2025\/12\/cantina-viladellops-986x657.webp\" alt=\"\" \/>\n\t\t\t\t\t\t\t<\/a>\n\t\t\t\t\t\t<\/div>\n\t\t\t\t\t\t\t\t\t\t\t<div class=\"gallery-item\">\n\t\t\t\t\t\t\t<a href=\"https:\/\/www.viladellops.com\/wp-content\/uploads\/2025\/12\/carne-cantina-viladellops.webp\" data-fancybox=\"gallery_69f273234907f\">\n\t\t\t\t\t\t\t\t<img decoding=\"async\" class=\"gallery-image\" src=\"https:\/\/www.viladellops.com\/wp-content\/uploads\/2025\/12\/carne-cantina-viladellops-986x657.webp\" alt=\"\" \/>\n\t\t\t\t\t\t\t<\/a>\n\t\t\t\t\t\t<\/div>\n\t\t\t\t\t\t\t\t\t\t\t<div class=\"gallery-item\">\n\t\t\t\t\t\t\t<a href=\"https:\/\/www.viladellops.com\/wp-content\/uploads\/2025\/12\/viladellops-platos-la-cantina.webp\" data-fancybox=\"gallery_69f273234907f\">\n\t\t\t\t\t\t\t\t<img decoding=\"async\" class=\"gallery-image\" src=\"https:\/\/www.viladellops.com\/wp-content\/uploads\/2025\/12\/viladellops-platos-la-cantina-986x657.webp\" alt=\"\" \/>\n\t\t\t\t\t\t\t<\/a>\n\t\t\t\t\t\t<\/div>\n\t\t\t\t\t\t\t\t\t\t\t<div class=\"gallery-item\">\n\t\t\t\t\t\t\t<a href=\"https:\/\/www.viladellops.com\/wp-content\/uploads\/2025\/12\/viladellops-platos-restaurante.webp\" data-fancybox=\"gallery_69f273234907f\">\n\t\t\t\t\t\t\t\t<img decoding=\"async\" class=\"gallery-image\" src=\"https:\/\/www.viladellops.com\/wp-content\/uploads\/2025\/12\/viladellops-platos-restaurante-986x657.webp\" alt=\"\" \/>\n\t\t\t\t\t\t\t<\/a>\n\t\t\t\t\t\t<\/div>\n\t\t\t\t\t\t\t\t\t<\/div>\n\t\t\t\t<\/div>\n\n<\/section>\n","protected":false},"excerpt":{"rendered":"<p>Acaba la visita amb el millor maridatge: la gastronomia de La Cantina Viladellops.<\/p>\n","protected":false},"author":584,"featured_media":0,"parent":0,"menu_order":0,"comment_status":"closed","ping_status":"closed","template":"","meta":{"_acf_changed":false,"footnotes":""},"class_list":["post-2708","page","type-page","status-publish","hentry"],"acf":[],"_links":{"self":[{"href":"https:\/\/www.viladellops.com\/ca\/wp-json\/wp\/v2\/pages\/2708","targetHints":{"allow":["GET"]}}],"collection":[{"href":"https:\/\/www.viladellops.com\/ca\/wp-json\/wp\/v2\/pages"}],"about":[{"href":"https:\/\/www.viladellops.com\/ca\/wp-json\/wp\/v2\/types\/page"}],"author":[{"embeddable":true,"href":"https:\/\/www.viladellops.com\/ca\/wp-json\/wp\/v2\/users\/584"}],"replies":[{"embeddable":true,"href":"https:\/\/www.viladellops.com\/ca\/wp-json\/wp\/v2\/comments?post=2708"}],"version-history":[{"count":1,"href":"https:\/\/www.viladellops.com\/ca\/wp-json\/wp\/v2\/pages\/2708\/revisions"}],"predecessor-version":[{"id":2709,"href":"https:\/\/www.viladellops.com\/ca\/wp-json\/wp\/v2\/pages\/2708\/revisions\/2709"}],"wp:attachment":[{"href":"https:\/\/www.viladellops.com\/ca\/wp-json\/wp\/v2\/media?parent=2708"}],"curies":[{"name":"wp","href":"https:\/\/api.w.org\/{rel}","templated":true}]}}